{"id":53423,"date":"2026-02-01T18:05:38","date_gmt":"2026-02-01T17:05:38","guid":{"rendered":"https:\/\/www.descobreixmenorca.com\/?page_id=53423"},"modified":"2026-02-01T19:08:47","modified_gmt":"2026-02-01T18:08:47","slug":"la-culture-talayotique-de-minorque","status":"publish","type":"page","link":"https:\/\/www.descobreixmenorca.com\/fr\/la-culture-talayotique-de-minorque\/","title":{"rendered":"La culture talayotique de Minorque"},"content":{"rendered":"<div class=\"wpb-content-wrapper\">[vc_row][vc_column][vc_column_text]\r\n\r\n<figure id=\"attachment_31486\" aria-describedby=\"caption-attachment-31486\" style=\"width: 750px\" class=\"wp-caption aligncenter\"><img loading=\"lazy\" decoding=\"async\" class=\"wp-image-31486 size-full\" title=\"Village talayotique de Talat\u00ed de Dalt. Minorque\" src=\"https:\/\/www.descobreixmenorca.com\/wp-content\/uploads\/2016\/02\/menorca_talaiotica_talati_taula_lluc_julia.jpg\" alt=\"Taula du village talayotique de Talat\u00ed de Dalt. Minorque talayotique\" width=\"750\" height=\"444\" srcset=\"https:\/\/www.descobreixmenorca.com\/wp-content\/uploads\/2016\/02\/menorca_talaiotica_talati_taula_lluc_julia.jpg 750w, https:\/\/www.descobreixmenorca.com\/wp-content\/uploads\/2016\/02\/menorca_talaiotica_talati_taula_lluc_julia-300x178.jpg 300w\" sizes=\"auto, (max-width: 750px) 100vw, 750px\" \/><figcaption id=\"caption-attachment-31486\" class=\"wp-caption-text\"><em>Taula<\/em> du village talayotique de Talat\u00ed de Dalt.<\/figcaption><\/figure>\r\n<h1>La culture talayotique de Minorque<\/h1>\r\n<h2 class=\"p1\">Minorque conserve un r\u00e9seau de monuments pr\u00e9historiques de premier ordre, transformant l&rsquo;\u00eele en un v\u00e9ritable mus\u00e9e \u00e0 ciel ouvert. Les <em>taules<\/em>, les <em>navetes<\/em> et les talayots sont les constructions m\u00e9galithiques les plus caract\u00e9ristiques des sites arch\u00e9ologiques de Minorque. D\u00e9couvrez-les.<\/h2>\r\nCe que l&rsquo;on appelle la <strong>Minorque talayotique<\/strong> couvre les 2 000 premi\u00e8res ann\u00e9es d&rsquo;occupation humaine sur l&rsquo;\u00eele, constituant la p\u00e9riode de la <strong>pr\u00e9histoire de Minorque<\/strong>. La <strong>culture talayotique<\/strong> englobe les coutumes et les techniques des soci\u00e9t\u00e9s pr\u00e9historiques des habitants des Bal\u00e9ares, jusqu&rsquo;\u00e0 la conqu\u00eate romaine en 123 avant notre \u00e8re (av. J.-C.).\r\n\r\nLa grande majorit\u00e9 des vestiges arch\u00e9ologiques de la <strong>culture talayotique<\/strong> se trouvent \u00e0 Minorque, o\u00f9 se situe la majeure partie de ce patrimoine. La <strong>Minorque Talayotique<\/strong> a \u00e9t\u00e9 reconnue par l&rsquo;UNESCO comme Patrimoine de l&rsquo;Humanit\u00e9 en 2023, organisant les sites en neuf zones territoriales qui englobent 280 sites (et les paysages associ\u00e9s), sur les plus de 1 500 r\u00e9pertori\u00e9s \u00e0 Minorque. Cela en fait l&rsquo;\u00eele du monde avec le plus de sites pr\u00e9historiques par km\u00b2.\r\n<p style=\"text-align: center;\"><iframe loading=\"lazy\" title=\"YouTube video player\" src=\"https:\/\/www.youtube.com\/embed\/XgQntzlDAEQ?si=OViIpu_FysS4tYjP\" width=\"750\" height=\"500\" frameborder=\"0\" allowfullscreen=\"allowfullscreen\"><\/iframe><\/p>\r\n<p style=\"text-align: center;\"><em>Dans cette vid\u00e9o, \u00ab\u00a0<\/em>Minorque Talai\u00f2tica, une odyss\u00e9e cyclop\u00e9enne insulaire<em>\u00ab\u00a0, vous pourrez d\u00e9couvrir les diff\u00e9rentes p\u00e9riodes et vestiges de la Minorque talayotique avec diff\u00e9rents experts (ENG).<\/em><\/p>\r\n\r\n<h2><strong>Les p\u00e9riodes de la Minorque talayotique<\/strong><\/h2>\r\nPendant ces 2 000 ans, le mode de vie des humains sur l&rsquo;\u00eele a progressivement chang\u00e9. Les premiers habitants de Minorque sont pass\u00e9s d&rsquo;une vie semi-nomade, profitant des p\u00e2turages pour leurs troupeaux et se consacrant \u00e0 la cueillette, \u00e0 une vie dans des communaut\u00e9s s\u00e9dentaires qui ont transform\u00e9 et contr\u00f4l\u00e9 le paysage en d\u00e9veloppant des strat\u00e9gies pour exploiter l&rsquo;environnement afin d&rsquo;assurer leur subsistance. Ce processus a \u00e9t\u00e9 divis\u00e9 en diff\u00e9rentes p\u00e9riodes et, selon les sources consult\u00e9es, vous trouverez diff\u00e9rentes formules de p\u00e9riodisation de la <strong>pr\u00e9histoire de Minorque<\/strong>. Voici la proposition faite par le Groupe d&rsquo;Arch\u00e9o\u00e9cologie Sociale de la M\u00e9diterran\u00e9e de l&rsquo;Universit\u00e9 Autonome de Barcelone, qui divise la pr\u00e9histoire de Minorque en 5 p\u00e9riodes diff\u00e9rentes :\r\n<h3><span style=\"color: #ff6600;\"><strong>P\u00e9riode dolm\u00e9nique (2100-1600 av. J.-C.)<\/strong><\/span><\/h3>\r\nLes premiers habitants de Minorque formaient de petits clans familiaux vivant de mani\u00e8re semi-nomade. Leurs maisons, inconnues, devaient \u00eatre des grottes naturelles ou de petites cabanes. Les dolmens de <strong>Ses Roques Llises<\/strong> et de <strong>Montpl\u00e0<\/strong> sont des s\u00e9pultures fun\u00e9raires de cette \u00e9poque.\r\n\r\n<figure id=\"attachment_31451\" aria-describedby=\"caption-attachment-31451\" style=\"width: 750px\" class=\"wp-caption aligncenter\"><img loading=\"lazy\" decoding=\"async\" class=\"wp-image-31451 size-full\" src=\"https:\/\/www.descobreixmenorca.com\/wp-content\/uploads\/2016\/02\/menorca_talayotica_roques_llises.jpg\" alt=\"\" width=\"750\" height=\"444\" srcset=\"https:\/\/www.descobreixmenorca.com\/wp-content\/uploads\/2016\/02\/menorca_talayotica_roques_llises.jpg 750w, https:\/\/www.descobreixmenorca.com\/wp-content\/uploads\/2016\/02\/menorca_talayotica_roques_llises-300x178.jpg 300w\" sizes=\"auto, (max-width: 750px) 100vw, 750px\" \/><figcaption id=\"caption-attachment-31451\" class=\"wp-caption-text\">Dolmen de Ses Roques Llises (Alaior), l&rsquo;un des b\u00e2timents les plus anciens de Minorque et le mieux conserv\u00e9. \u00a9Fundaci\u00f3 Dest\u00ed<\/figcaption><\/figure>\r\n\r\n<hr \/>\r\n\r\n<h3><span style=\"color: #ff6600;\"><strong>P\u00e9riode naviforme (1600-1050 av. J.-C.)<\/strong><\/span><\/h3>\r\nPendant cette p\u00e9riode, la population augmente, probablement en raison de nouvelles vagues migratoires. Bien que restant majoritairement \u00e9leveurs et cueilleurs, la population de Minorque devient s\u00e9dentaire et les premi\u00e8res traces de semailles de c\u00e9r\u00e9ales apparaissent. Des activit\u00e9s comme la m\u00e9tallurgie et l&rsquo;exploitation mini\u00e8re commencent. Des \u00e9changes s&rsquo;\u00e9tablissent entre les diff\u00e9rents villages, s&rsquo;\u00e9tendant m\u00eame \u00e0 l&rsquo;\u00eele voisine de Majorque. En ce qui concerne les habitations, la technique <strong>cyclop\u00e9enne<\/strong> commence \u00e0 \u00eatre utilis\u00e9e pour construire des maisons en forme de nef renvers\u00e9e. Ces <strong>maisons naviformes<\/strong> sont \u00e0 l&rsquo;origine du nom de <em><strong>naveta<\/strong><\/em>. Les enterrements restent collectifs et se font dans les grottes naturelles, bien que les premi\u00e8res <strong><em>navetes<\/em> fun\u00e9raires<\/strong> commencent \u00e0 \u00eatre construites. L&rsquo;hypog\u00e9e de la <strong>Torre del Ram<\/strong>, les sites de <strong>Son Marcer de Baix<\/strong> et de <strong>Caparrots de Forma<\/strong> datent de cette \u00e9poque.\r\n\r\n<figure id=\"attachment_36592\" aria-describedby=\"caption-attachment-36592\" style=\"width: 750px\" class=\"wp-caption aligncenter\"><img loading=\"lazy\" decoding=\"async\" class=\"wp-image-36592\" src=\"https:\/\/www.descobreixmenorca.com\/wp-content\/uploads\/2013\/04\/menorca_talaiotica_son_mercer_de_baix.jpg\" alt=\"\" width=\"750\" height=\"499\" srcset=\"https:\/\/www.descobreixmenorca.com\/wp-content\/uploads\/2013\/04\/menorca_talaiotica_son_mercer_de_baix.jpg 800w, https:\/\/www.descobreixmenorca.com\/wp-content\/uploads\/2013\/04\/menorca_talaiotica_son_mercer_de_baix-300x200.jpg 300w, https:\/\/www.descobreixmenorca.com\/wp-content\/uploads\/2013\/04\/menorca_talaiotica_son_mercer_de_baix-768x511.jpg 768w\" sizes=\"auto, (max-width: 750px) 100vw, 750px\" \/><figcaption id=\"caption-attachment-36592\" class=\"wp-caption-text\">Site de Son Marcer de Baix (Ferreries), le village de maisons naviformes le plus important de Minorque. \u00a9Fundaci\u00f3 Dest\u00ed<\/figcaption><\/figure>\r\n\r\n<hr \/>\r\n\r\n<h3><span style=\"color: #ff6600;\"><strong>P\u00e9riode prototalayotique (1050-850 av. J.-C.)<\/strong><\/span><\/h3>\r\nPendant cette p\u00e9riode, les maisons naviformes sont abandonn\u00e9es et la population se concentre dans des noyaux plus grands. C&rsquo;est l&rsquo;\u00e9poque de l&rsquo;apog\u00e9e des <strong><em>navetes<\/em> fun\u00e9raires<\/strong>, comme en t\u00e9moignent la c\u00e9l\u00e8bre <strong>Naveta des Tudons<\/strong> ou celles de <strong>Rafal Rub\u00ed<\/strong>.\r\n\r\n<figure id=\"attachment_36634\" aria-describedby=\"caption-attachment-36634\" style=\"width: 750px\" class=\"wp-caption aligncenter\"><img loading=\"lazy\" decoding=\"async\" class=\"wp-image-36634 size-full\" src=\"https:\/\/www.descobreixmenorca.com\/wp-content\/uploads\/2013\/04\/menorca_talaio\u0300tica_naveta_rafel_rubi_lluc_julia.jpg\" alt=\"\" width=\"750\" height=\"444\" srcset=\"https:\/\/www.descobreixmenorca.com\/wp-content\/uploads\/2013\/04\/menorca_talaio\u0300tica_naveta_rafel_rubi_lluc_julia.jpg 750w, https:\/\/www.descobreixmenorca.com\/wp-content\/uploads\/2013\/04\/menorca_talaio\u0300tica_naveta_rafel_rubi_lluc_julia-300x178.jpg 300w\" sizes=\"auto, (max-width: 750px) 100vw, 750px\" \/><figcaption id=\"caption-attachment-36634\" class=\"wp-caption-text\">Vestiges de l&rsquo;une des deux <em>navetes<\/em> de Rafal Rub\u00ed (Ma\u00f3).<\/figcaption><\/figure>\r\n\r\n<hr \/>\r\n\r\n<h3><span style=\"color: #ff6600;\"><strong>P\u00e9riode talayotique (850-550 av. J.-C.)<\/strong><\/span><\/h3>\r\nLe nom de culture talayotique provient des <strong>talayots<\/strong>, des tours tronconiques construites en pierre, probablement utilis\u00e9es comme points de vigilance et tours de d\u00e9fense. La majorit\u00e9 des 300 talayots que l&rsquo;on trouve r\u00e9partis sur tout le territoire insulaire ont \u00e9t\u00e9 construits pendant cette p\u00e9riode. Ils se trouvent isol\u00e9s ou \u00e0 l&rsquo;int\u00e9rieur des villages, parfois avec plus d&rsquo;un talayot. Parmi les talayots les mieux conserv\u00e9s figurent ceux de <strong>Torell\u00f3<\/strong>, <strong>Trepuc\u00f3<\/strong> et <strong>Cornia Nou<\/strong>.\r\n\r\n<figure id=\"attachment_31442\" aria-describedby=\"caption-attachment-31442\" style=\"width: 750px\" class=\"wp-caption aligncenter\"><img loading=\"lazy\" decoding=\"async\" class=\"wp-image-31442 size-full\" src=\"https:\/\/www.descobreixmenorca.com\/wp-content\/uploads\/2016\/02\/menorca_talayotica_cornia_nou.jpg\" alt=\"\" width=\"750\" height=\"444\" srcset=\"https:\/\/www.descobreixmenorca.com\/wp-content\/uploads\/2016\/02\/menorca_talayotica_cornia_nou.jpg 750w, https:\/\/www.descobreixmenorca.com\/wp-content\/uploads\/2016\/02\/menorca_talayotica_cornia_nou-300x178.jpg 300w\" sizes=\"auto, (max-width: 750px) 100vw, 750px\" \/><figcaption id=\"caption-attachment-31442\" class=\"wp-caption-text\">Talayot de Cornia Nou (Ma\u00f3) \u00a9Fundaci\u00f3 Dest\u00ed.<\/figcaption><\/figure>\r\n\r\n<hr \/>\r\n\r\n<h3 style=\"text-align: left;\"><span style=\"color: #ff6600;\"><strong>P\u00e9riode post-talayotique (550-123 av. J.-C.)<\/strong><\/span><\/h3>\r\n<p style=\"text-align: left;\">Les communaut\u00e9s de cette p\u00e9riode continuent de vivre de mani\u00e8re s\u00e9dentaire au sein des m\u00eames villages, mais les <strong>talayots<\/strong> en tant que b\u00e2timents principaux de ces noyaux habit\u00e9s perdent de leur importance. Pendant cette p\u00e9riode, l&rsquo;<strong>enceinte de <em>taula<\/em><\/strong>, construction \u00e0 caract\u00e8re religieux, est le b\u00e2timent central des villages. Les meilleurs exemples de ces \u00e9difices si particuliers et uniques au monde sont les <em>taules<\/em> des sites de <strong>Torralba d&rsquo;en Salort<\/strong>, <strong>Trepuc\u00f3<\/strong> ou <strong>Talat\u00ed de Dalt<\/strong>.<\/p>\r\nPendant cette p\u00e9riode, les maisons suivent un mod\u00e8le de construction standard et, dans de nombreux cas, elles sont construites en mitoyennes, comme on peut l&rsquo;observer dans le village de <strong><a title=\"Torre d\u2019en Galm\u00e9s\" href=\"https:\/\/www.descobreixmenorca.com\/es\/cultura-talayotica\/torre-den-galmes\/\">Torre d&rsquo;en Galm\u00e9s<\/a><\/strong>. Bien que l&rsquo;\u00e9levage reste important, l&rsquo;agriculture est d\u00e9j\u00e0 la principale activit\u00e9 \u00e9conomique de l&rsquo;\u00eele et les premiers outils li\u00e9s \u00e0 la p\u00eache apparaissent. Les pratiques fun\u00e9raires sont r\u00e9alis\u00e9es dans des n\u00e9cropoles de grandes grottes artificielles comme celles de la <strong><a title=\"N\u00e9cropole de cala Morell\" href=\"https:\/\/www.descobreixmenorca.com\/es\/cultura-talayotica\/necropolis-de-cala-morell\/\">n\u00e9cropole de cala Morell<\/a><\/strong>. Les contacts avec d&rsquo;autres cultures m\u00e9diterran\u00e9ennes s&rsquo;intensifient et, pendant cette p\u00e9riode, les frondeurs bal\u00e9ares combattent comme mercenaires dans les guerres puniques, tant pour l&rsquo;arm\u00e9e carthaginoise que pour l&rsquo;arm\u00e9e romaine. En 123 av. J.-C., Minorque est conquise pour \u00eatre incorpor\u00e9e \u00e0 l&rsquo;Empire romain, bien que la culture talayotique mette encore quelques si\u00e8cles \u00e0 dispara\u00eetre. Un exercice tr\u00e8s \u00e9clairant et divertissant pour situer historiquement cette p\u00e9riode de la pr\u00e9histoire de Minorque est de se placer \u00e0 l&rsquo;\u00e9poque des bandes dessin\u00e9es des c\u00e9l\u00e8bres personnages Ast\u00e9rix et Ob\u00e9lix.\r\n\r\n<figure id=\"attachment_31484\" aria-describedby=\"caption-attachment-31484\" style=\"width: 750px\" class=\"wp-caption aligncenter\"><img loading=\"lazy\" decoding=\"async\" class=\"wp-image-31484 size-full\" src=\"https:\/\/www.descobreixmenorca.com\/wp-content\/uploads\/2016\/02\/menorca_talaiotica_talati_poblat_lluc_julia.jpg\" alt=\"\" width=\"750\" height=\"444\" srcset=\"https:\/\/www.descobreixmenorca.com\/wp-content\/uploads\/2016\/02\/menorca_talaiotica_talati_poblat_lluc_julia.jpg 750w, https:\/\/www.descobreixmenorca.com\/wp-content\/uploads\/2016\/02\/menorca_talaiotica_talati_poblat_lluc_julia-300x178.jpg 300w\" sizes=\"auto, (max-width: 750px) 100vw, 750px\" \/><figcaption id=\"caption-attachment-31484\" class=\"wp-caption-text\">Village talayotique de Talat\u00ed de Dalt (Ma\u00f3).<\/figcaption><\/figure>\r\n\r\n<hr \/>\r\n\r\n<h2><strong>Les 10 monuments les plus remarquables de la culture talayotique de Minorque<\/strong><\/h2>\r\nLes <strong>monuments talayotiques de Minorque<\/strong> ont une valeur exceptionnelle pour leur technique de construction, leur bon \u00e9tat de conservation, leur monumentalit\u00e9 et la grande quantit\u00e9 qui se concentre dans un espace tr\u00e8s r\u00e9duit. Sur seulement 700 km\u00b2 de la superficie de l&rsquo;\u00eele de Minorque, il y a plus de 1 500 sites. C&rsquo;est pourquoi cet h\u00e9ritage est actuellement reconnu comme Patrimoine de l&rsquo;Humanit\u00e9 par l&rsquo;UNESCO. Parmi tous les sites talayotiques que l&rsquo;on peut trouver \u00e0 Minorque, nous mettons en avant les 10 monuments suivants, pour leur spectaculaire aspect et la facilit\u00e9 de leur visite.\r\n<h3><strong><span style=\"color: #ff6600;\">Naveta des Tudons<\/span><\/strong><\/h3>\r\nLe monument le plus embl\u00e9matique de la <strong>Minorque talayotique<\/strong>, tant pour son excellent \u00e9tat de conservation que pour le fait que les <em>navetes<\/em> sont des constructions fun\u00e9raires que l&rsquo;on ne trouve qu&rsquo;\u00e0 Minorque. <a title=\"La Naveta des Tudons\" href=\"https:\/\/www.descobreixmenorca.com\/es\/cultura-talayotica\/naveta-des-tudons\/\">Plus d&rsquo;informations sur la Naveta des Tudons<\/a>.\r\n\r\n<figure id=\"attachment_31448\" aria-describedby=\"caption-attachment-31448\" style=\"width: 750px\" class=\"wp-caption aligncenter\"><img loading=\"lazy\" decoding=\"async\" class=\"wp-image-31448 size-full\" title=\"Naveta des Tudons. Culture talayotique de Minorque\" src=\"https:\/\/www.descobreixmenorca.com\/wp-content\/uploads\/2016\/02\/menorca_talayotica_naveta_des_tudons.jpg\" alt=\"Naveta des Tudons. Minorque talayotique\" width=\"750\" height=\"444\" srcset=\"https:\/\/www.descobreixmenorca.com\/wp-content\/uploads\/2016\/02\/menorca_talayotica_naveta_des_tudons.jpg 750w, https:\/\/www.descobreixmenorca.com\/wp-content\/uploads\/2016\/02\/menorca_talayotica_naveta_des_tudons-300x178.jpg 300w\" sizes=\"auto, (max-width: 750px) 100vw, 750px\" \/><figcaption id=\"caption-attachment-31448\" class=\"wp-caption-text\">Naveta des Tudons (Ciutadella).<\/figcaption><\/figure>\r\n\r\n<hr \/>\r\n\r\n<h3><strong><span style=\"color: #ff6600;\"><strong><strong>Village talayotique<\/strong> de Torre d&rsquo;en Galm\u00e9s<\/strong><\/span><\/strong><\/h3>\r\nLe plus \u00e9tendu de Minorque et l&rsquo;un des plus grands des Bal\u00e9ares. Le village est d&rsquo;une grande monumentalit\u00e9 et conserve une grande diversit\u00e9 de constructions de qualit\u00e9 remarquable. Il est situ\u00e9 sur une colline, d&rsquo;o\u00f9 l&rsquo;on a une vue panoramique parfaite sur une grande partie de la c\u00f4te sud de Minorque. <a title=\"Torre d\u2019en Galm\u00e9s\" href=\"https:\/\/www.descobreixmenorca.com\/es\/cultura-talayotica\/torre-den-galmes\/\">Plus d&rsquo;informations sur le village talayotique de Torre d&rsquo;en Galm\u00e9s<\/a>\r\n\r\n<figure id=\"attachment_31493\" aria-describedby=\"caption-attachment-31493\" style=\"width: 750px\" class=\"wp-caption aligncenter\"><img loading=\"lazy\" decoding=\"async\" class=\"wp-image-31493 size-full\" title=\"Village talayotique de Torre d'en Galm\u00e9s. Culture talayotique de Minorque\" src=\"https:\/\/www.descobreixmenorca.com\/wp-content\/uploads\/2016\/02\/menorca_talaiotica_torre_galmes_4_lluc_julia.jpg\" alt=\"Village talayotique de Torre d'en Galm\u00e9s. Minorque talayotique\" width=\"750\" height=\"444\" srcset=\"https:\/\/www.descobreixmenorca.com\/wp-content\/uploads\/2016\/02\/menorca_talaiotica_torre_galmes_4_lluc_julia.jpg 750w, https:\/\/www.descobreixmenorca.com\/wp-content\/uploads\/2016\/02\/menorca_talaiotica_torre_galmes_4_lluc_julia-300x178.jpg 300w\" sizes=\"auto, (max-width: 750px) 100vw, 750px\" \/><figcaption id=\"caption-attachment-31493\" class=\"wp-caption-text\">Village talayotique de Torre d&rsquo;en Galm\u00e9s (Alaior).<\/figcaption><\/figure>\r\n\r\n<hr \/>\r\n\r\n<h3><span style=\"color: #ff6600;\"><strong><strong><strong><strong>Village talayotique<\/strong><\/strong> de <\/strong><\/strong><strong>Son Catlar<\/strong><\/span><\/h3>\r\nLe village de <strong>Son Catlar<\/strong> se distingue car il est le seul village talayotique des Bal\u00e9ares dont la muraille cyclop\u00e9enne est pratiquement intacte. Bien que le village ne soit pas en tr\u00e8s bon \u00e9tat de conservation, vous pourrez contempler la muraille en la parcourant par le chemin qui fait le tour du village par l&rsquo;ext\u00e9rieur. <a href=\"https:\/\/www.descobreixmenorca.com\/es\/cultura-talayotica\/son-catlar\/\">Rien que pour cela, <strong>Son Catlar<\/strong> m\u00e9rite une visite<\/a>.\r\n\r\n<figure id=\"attachment_31481\" aria-describedby=\"caption-attachment-31481\" style=\"width: 750px\" class=\"wp-caption aligncenter\"><img loading=\"lazy\" decoding=\"async\" class=\"wp-image-31481 size-full\" title=\"Muraille du village talayotique de Son Catlar. Minorque talayotique\" src=\"https:\/\/www.descobreixmenorca.com\/wp-content\/uploads\/2016\/02\/menorca_talaiotica_son_catlar_1_lluc_julia.jpg\" alt=\"Muraille du village talayotique de Son Catlar. Culture talayotique de Minorque\" width=\"750\" height=\"444\" srcset=\"https:\/\/www.descobreixmenorca.com\/wp-content\/uploads\/2016\/02\/menorca_talaiotica_son_catlar_1_lluc_julia.jpg 750w, https:\/\/www.descobreixmenorca.com\/wp-content\/uploads\/2016\/02\/menorca_talaiotica_son_catlar_1_lluc_julia-300x178.jpg 300w\" sizes=\"auto, (max-width: 750px) 100vw, 750px\" \/><figcaption id=\"caption-attachment-31481\" class=\"wp-caption-text\">Muraille du village talayotique de Son Catlar (Ciutadella).<\/figcaption><\/figure>\r\n\r\n<hr \/>\r\n\r\n<h3><span style=\"color: #ff6600;\"><strong><strong><strong><strong>Village talayotique<\/strong><\/strong> de <\/strong>Torralba d&rsquo;en Salort<\/strong><\/span><\/h3>\r\nL&rsquo;un des villages pr\u00e9historiques les plus grands et spectaculaires de Minorque. Le moment de plus grand \u00e9clat du village s&rsquo;est produit pendant l&rsquo;expansion commerciale punique et son utilisation a perdur\u00e9 jusqu&rsquo;\u00e0 l&rsquo;\u00e9poque m\u00e9di\u00e9vale. La <em>taula<\/em> et son enceinte sont les vestiges les plus spectaculaires de ce village. <a title=\"Torralba d\u2019en Salord\" href=\"https:\/\/www.descobreixmenorca.com\/es\/cultura-talayotica\/torralba-den-salord\/\">Plus d&rsquo;informations sur le village talayotique de Torralba d&rsquo;en Salort<\/a>.\r\n\r\n<figure id=\"attachment_31488\" aria-describedby=\"caption-attachment-31488\" style=\"width: 750px\" class=\"wp-caption aligncenter\"><img loading=\"lazy\" decoding=\"async\" class=\"wp-image-31488 size-full\" title=\"Village talayotique de Torralba d'en Salort. Minorque talayotique\" src=\"https:\/\/www.descobreixmenorca.com\/wp-content\/uploads\/2016\/02\/menorca_talaiotica_torralba_den_salord_2_lluc_julia.jpg\" alt=\"Village talayotique de Torralba d'en Salort. Culture talayotique de Minorque\" width=\"750\" height=\"496\" srcset=\"https:\/\/www.descobreixmenorca.com\/wp-content\/uploads\/2016\/02\/menorca_talaiotica_torralba_den_salord_2_lluc_julia.jpg 750w, https:\/\/www.descobreixmenorca.com\/wp-content\/uploads\/2016\/02\/menorca_talaiotica_torralba_den_salord_2_lluc_julia-300x198.jpg 300w\" sizes=\"auto, (max-width: 750px) 100vw, 750px\" \/><figcaption id=\"caption-attachment-31488\" class=\"wp-caption-text\">La <em>taula<\/em> du village talayotique de Torralba d&rsquo;en Salort (Alaior) est la plus haute que l&rsquo;on puisse voir \u00e0 Minorque.<\/figcaption><\/figure>\r\n\r\n<hr \/>\r\n\r\n<h3><span style=\"color: #ff6600;\"><strong><strong><strong><strong>Village talayotique<\/strong><\/strong> de <\/strong><\/strong><strong>Talat\u00ed de Dalt<\/strong><\/span><\/h3>\r\nL&rsquo;un des plus embl\u00e9matiques de l&rsquo;\u00eele pour sa bonne conservation et la <em>taula<\/em> particuli\u00e8re o\u00f9 une colonne repose sur sa dalle horizontale. <a title=\"Talat\u00ed de Dalt\" href=\"https:\/\/www.descobreixmenorca.com\/es\/cultura-talayotica\/talati-de-dalt\/\">Plus d&rsquo;informations sur le village talayotique de Talat\u00ed de Dalt<\/a>.\r\n\r\n<figure id=\"attachment_31485\" aria-describedby=\"caption-attachment-31485\" style=\"width: 750px\" class=\"wp-caption aligncenter\"><img loading=\"lazy\" decoding=\"async\" class=\"wp-image-31485 size-full\" title=\"Village talayotique de Talat\u00ed de Dalt. Minorque talayotique\" src=\"https:\/\/www.descobreixmenorca.com\/wp-content\/uploads\/2016\/02\/menorca_talaiotica_talati_talaiot_lluc_julia.jpg\" alt=\"Village talayotique de Talat\u00ed de Dalt. Culture talayotique de Minorque\" width=\"750\" height=\"444\" srcset=\"https:\/\/www.descobreixmenorca.com\/wp-content\/uploads\/2016\/02\/menorca_talaiotica_talati_talaiot_lluc_julia.jpg 750w, https:\/\/www.descobreixmenorca.com\/wp-content\/uploads\/2016\/02\/menorca_talaiotica_talati_talaiot_lluc_julia-300x178.jpg 300w\" sizes=\"auto, (max-width: 750px) 100vw, 750px\" \/><figcaption id=\"caption-attachment-31485\" class=\"wp-caption-text\">Village talayotique de Talat\u00ed de Dalt (Ma\u00f3).<\/figcaption><\/figure>\r\n\r\n<hr \/>\r\n\r\n<h3><span style=\"color: #ff6600;\"><strong><strong><strong><strong>Village talayotique<\/strong><\/strong> de <\/strong>Trepuc\u00f3<\/strong><\/span><\/h3>\r\nL&rsquo;un des villages talayotiques les plus grands de Minorque, avec pr\u00e8s de 5 000 m\u00e8tres carr\u00e9s d&rsquo;extension, qui conserve actuellement une petite partie de l&rsquo;\u00e9tablissement : quelques tron\u00e7ons de la muraille, deux talayots, l&rsquo;enceinte de <em>taula<\/em> et quelques restes d&rsquo;habitations. <a title=\"Trepuc\u00f3\" href=\"https:\/\/www.descobreixmenorca.com\/es\/cultura-talayotica\/trepuco\/\">Plus d&rsquo;informations sur le talayotique de Trepuc\u00f3<\/a>.\r\n\r\n<figure id=\"attachment_31460\" aria-describedby=\"caption-attachment-31460\" style=\"width: 750px\" class=\"wp-caption aligncenter\"><img loading=\"lazy\" decoding=\"async\" class=\"wp-image-31460 size-full\" title=\"Village talayotique de Trepuc\u00f3. Minorque talayotique\" src=\"https:\/\/www.descobreixmenorca.com\/wp-content\/uploads\/2016\/02\/menorca_talayotica_taula_trepuco.jpg\" alt=\"Village talayotique de Trepuc\u00f3. Culture talayotique de Minorque\" width=\"750\" height=\"506\" srcset=\"https:\/\/www.descobreixmenorca.com\/wp-content\/uploads\/2016\/02\/menorca_talayotica_taula_trepuco.jpg 750w, https:\/\/www.descobreixmenorca.com\/wp-content\/uploads\/2016\/02\/menorca_talayotica_taula_trepuco-300x202.jpg 300w\" sizes=\"auto, (max-width: 750px) 100vw, 750px\" \/><figcaption id=\"caption-attachment-31460\" class=\"wp-caption-text\">Enceinte de <em>taula<\/em> de Trepuc\u00f3 (Ma\u00f3). \u00a9Fundaci\u00f3 Dest\u00ed<\/figcaption><\/figure>\r\n\r\n<hr \/>\r\n\r\n<h3><span style=\"color: #ff6600;\"><strong><strong><strong>Village talayotique<\/strong><\/strong> de Torrellafuda<\/strong><\/span><\/h3>\r\nVillage talayotique habit\u00e9 jusqu&rsquo;\u00e0 l&rsquo;\u00e9poque islamique, comme l&rsquo;indiquent les restes arch\u00e9ologiques trouv\u00e9s. Il se trouve \u00e0 l&rsquo;int\u00e9rieur d&rsquo;une for\u00eat d&rsquo;oliviers sauvages et se compose d&rsquo;un grand talayot, d&rsquo;une enceinte de <em>taula<\/em>, de diff\u00e9rentes maisons et d&rsquo;une n\u00e9cropole form\u00e9e de quatre grottes artificielles. <a title=\"Torrellafuda\" href=\"https:\/\/www.descobreixmenorca.com\/es\/cultura-talayotica\/torrellafuda\/\">Plus d&rsquo;informations sur le village talayotique de Torrellafuda<\/a>.\r\n\r\n<figure id=\"attachment_31495\" aria-describedby=\"caption-attachment-31495\" style=\"width: 750px\" class=\"wp-caption aligncenter\"><img loading=\"lazy\" decoding=\"async\" class=\"wp-image-31495 size-full\" title=\"Village talayotique de Torrellafuda. Minorque talayotique\" src=\"https:\/\/www.descobreixmenorca.com\/wp-content\/uploads\/2016\/02\/menorca_talaiotica_torrellafuda_2_lluc_julia.jpg\" alt=\"Village talayotique de Torrellafuda. Culture talayotique de Minorque\" width=\"750\" height=\"444\" srcset=\"https:\/\/www.descobreixmenorca.com\/wp-content\/uploads\/2016\/02\/menorca_talaiotica_torrellafuda_2_lluc_julia.jpg 750w, https:\/\/www.descobreixmenorca.com\/wp-content\/uploads\/2016\/02\/menorca_talaiotica_torrellafuda_2_lluc_julia-300x178.jpg 300w\" sizes=\"auto, (max-width: 750px) 100vw, 750px\" \/><figcaption id=\"caption-attachment-31495\" class=\"wp-caption-text\">Village talayotique de Torrellafuda (Ciutadella).<\/figcaption><\/figure>\r\n\r\n<hr \/>\r\n\r\n<h3><span style=\"color: #ff6600;\"><strong>N\u00e9cropole de Cala Morell<\/strong><\/span><\/h3>\r\nLa n\u00e9cropole la plus spectaculaire de l&rsquo;\u00eele, form\u00e9e par un ensemble de 17 grottes artificielles. L&rsquo;int\u00e9rieur de certaines des plus grandes hypog\u00e9es visait \u00e0 imiter les maisons circulaires de l&rsquo;\u00e9poque talayotique \u00e0 plan simple, avec des d\u00e9nivel\u00e9s ou des colonnes taill\u00e9s dans la roche m\u00eame. <a title=\"N\u00e9cropole de cala Morell\" href=\"https:\/\/www.descobreixmenorca.com\/es\/cultura-talayotica\/necropolis-de-cala-morell\/\">Plus d&rsquo;informations sur la n\u00e9cropole de cala Morell<\/a>.\r\n\r\n<figure id=\"attachment_31478\" aria-describedby=\"caption-attachment-31478\" style=\"width: 750px\" class=\"wp-caption aligncenter\"><img loading=\"lazy\" decoding=\"async\" class=\"wp-image-31478 size-full\" title=\"N\u00e9cropole de Cala Morell. Minorque talayotique\" src=\"https:\/\/www.descobreixmenorca.com\/wp-content\/uploads\/2016\/02\/menorca_talaiotica_necropolis_cala_morell_1_lluc_julia.jpg\" alt=\"N\u00e9cropole de Cala Morell. Culture talayotique de Minorque\" width=\"750\" height=\"444\" srcset=\"https:\/\/www.descobreixmenorca.com\/wp-content\/uploads\/2016\/02\/menorca_talaiotica_necropolis_cala_morell_1_lluc_julia.jpg 750w, https:\/\/www.descobreixmenorca.com\/wp-content\/uploads\/2016\/02\/menorca_talaiotica_necropolis_cala_morell_1_lluc_julia-300x178.jpg 300w\" sizes=\"auto, (max-width: 750px) 100vw, 750px\" \/><figcaption id=\"caption-attachment-31478\" class=\"wp-caption-text\">N\u00e9cropole de Cala Morell (Ciutadella).<\/figcaption><\/figure>\r\n\r\n<hr \/>\r\n\r\n<h3><span style=\"color: #ff6600;\"><strong><strong><strong>Village talayotique<\/strong><\/strong> de Torretrencada<\/strong><\/span><\/h3>\r\nIl se distingue par sa <em>taula<\/em> qui conserve un pilier \u00e0 l&rsquo;arri\u00e8re. Un talayot, des restes du mur qui fermait l&rsquo;enceinte, des fondations de maisons possibles et diff\u00e9rents hypog\u00e9es forment le village. <a title=\"Torretrencada\" href=\"https:\/\/www.descobreixmenorca.com\/es\/cultura-talayotica\/torretrencada\/\">Plus d&rsquo;informations sur le village talayotique de Torretrencada<\/a>.\r\n\r\n<figure id=\"attachment_31497\" aria-describedby=\"caption-attachment-31497\" style=\"width: 750px\" class=\"wp-caption aligncenter\"><img loading=\"lazy\" decoding=\"async\" class=\"wp-image-31497 size-full\" title=\"Village talayotique de Torretrencada. Minorque talayotique\" src=\"https:\/\/www.descobreixmenorca.com\/wp-content\/uploads\/2016\/02\/menorca_talaiotica_torretrencada_taula_lluc_julia.jpg\" alt=\"Village talayotique de Torretrencada. Culture talayotique de Minorque\" width=\"750\" height=\"444\" srcset=\"https:\/\/www.descobreixmenorca.com\/wp-content\/uploads\/2016\/02\/menorca_talaiotica_torretrencada_taula_lluc_julia.jpg 750w, https:\/\/www.descobreixmenorca.com\/wp-content\/uploads\/2016\/02\/menorca_talaiotica_torretrencada_taula_lluc_julia-300x178.jpg 300w\" sizes=\"auto, (max-width: 750px) 100vw, 750px\" \/><figcaption id=\"caption-attachment-31497\" class=\"wp-caption-text\">Village talayotique de Torretrencada (Ciutadella).<\/figcaption><\/figure>\r\n\r\n<hr \/>\r\n\r\n<h3><span style=\"color: #ff6600;\"><strong><strong>Talayot<\/strong> de Torell\u00f3<\/strong><\/span><\/h3>\r\nL&rsquo;un des talayots les plus grands et les mieux conserv\u00e9s de Minorque, qui conserve un portail avec linteau dans la partie sup\u00e9rieure du monument, faisant partie du village de Torell\u00f3.\r\n\r\n<figure id=\"attachment_31458\" aria-describedby=\"caption-attachment-31458\" style=\"width: 750px\" class=\"wp-caption aligncenter\"><img loading=\"lazy\" decoding=\"async\" class=\"wp-image-31458 size-full\" title=\"Talayot de Torell\u00f3. Minorque talayotique\" src=\"https:\/\/www.descobreixmenorca.com\/wp-content\/uploads\/2016\/02\/menorca_talayotica_talaiot_torello.jpg\" alt=\"Talayot de Torell\u00f3. Culture talayotique de Minorque\" width=\"750\" height=\"444\" srcset=\"https:\/\/www.descobreixmenorca.com\/wp-content\/uploads\/2016\/02\/menorca_talayotica_talaiot_torello.jpg 750w, https:\/\/www.descobreixmenorca.com\/wp-content\/uploads\/2016\/02\/menorca_talayotica_talaiot_torello-300x178.jpg 300w\" sizes=\"auto, (max-width: 750px) 100vw, 750px\" \/><figcaption id=\"caption-attachment-31458\" class=\"wp-caption-text\">Talayot de Torell\u00f3 (Sant Ciment). \u00a9Fundaci\u00f3 Dest\u00ed<\/figcaption><\/figure>\r\n<h2><strong>Carte des monuments m\u00e9galithiques les plus importants de Minorque<\/strong><\/h2>\r\n<p style=\"text-align: center;\"><iframe loading=\"lazy\" src=\"https:\/\/maps.google.com\/maps\/ms?msa=0&amp;msid=211637723452826489021.0004cb797eac900d4fc7a&amp;hl=es&amp;ie=UTF8&amp;t=m&amp;ll=39.942384,4.067688&amp;spn=0.389569,0.924225&amp;z=10&amp;output=embed\" width=\"750\" height=\"444\" frameborder=\"0\" marginwidth=\"0\" marginheight=\"0\" scrolling=\"no\"><\/iframe> <small>Voir la carte de <a href=\"https:\/\/maps.google.com\/maps\/ms?msa=0&amp;msid=211637723452826489021.0004cb797eac900d4fc7a&amp;hl=es&amp;ie=UTF8&amp;t=m&amp;ll=39.942384,4.067688&amp;spn=0.389569,0.924225&amp;z=10&amp;source=embed\">Minorque talayotique<\/a> sur Google Maps.<\/small><\/p>\r\n\r\n\r\n<figure id=\"attachment_53312\" aria-describedby=\"caption-attachment-53312\" style=\"width: 750px\" class=\"wp-caption aligncenter\"><a href=\"https:\/\/www.menorcatalayotica.info\/Documents\/Documents\/14546doc1220240723085444.pdf\" target=\"_blank\" rel=\"nofollow noopener\"><img loading=\"lazy\" decoding=\"async\" class=\"wp-image-53312 size-full\" title=\"Carte des monuments de la Minorque Talayotique, Patrimoine de l'Humanit\u00e9 (UNESCO).\" src=\"https:\/\/www.descobreixmenorca.com\/wp-content\/uploads\/2026\/01\/menorca_talaiotica_mapa.jpg\" alt=\"Carte des monuments de la Minorque Talayotique, Patrimoine de l'Humanit\u00e9 (UNESCO)\" width=\"750\" height=\"530\" srcset=\"https:\/\/www.descobreixmenorca.com\/wp-content\/uploads\/2026\/01\/menorca_talaiotica_mapa.jpg 750w, https:\/\/www.descobreixmenorca.com\/wp-content\/uploads\/2026\/01\/menorca_talaiotica_mapa-300x212.jpg 300w, https:\/\/www.descobreixmenorca.com\/wp-content\/uploads\/2026\/01\/menorca_talaiotica_mapa-175x124.jpg 175w, https:\/\/www.descobreixmenorca.com\/wp-content\/uploads\/2026\/01\/menorca_talaiotica_mapa-450x318.jpg 450w\" sizes=\"auto, (max-width: 750px) 100vw, 750px\" \/><\/a><figcaption id=\"caption-attachment-53312\" class=\"wp-caption-text\">Monuments de la Minorque Talayotique, Patrimoine de l&rsquo;Humanit\u00e9.<\/figcaption><\/figure>\r\n<p class=\"p1\"><strong>Carte des monuments de la Minorque Talayotique d\u00e9clar\u00e9s Patrimoine Mondial de l&rsquo;Humanit\u00e9. <\/strong><a href=\"https:\/\/www.menorcatalayotica.info\/Documents\/Documents\/14546doc1220240723085444.pdf\" target=\"_blank\" rel=\"nofollow noopener\">Cliquez sur la carte pour la consulter en ligne. <\/a><em>Source : Minorque Talai\u00f2tica. Candidata Patrimoni Mundial. Consell Insular de Menorca.<\/em><\/p>\r\n<strong data-start=\"0\" data-end=\"17\">En d\u00e9finitive<\/strong>, la culture talayotique de Minorque est l&rsquo;un des legs arch\u00e9ologiques les plus exceptionnels de la M\u00e9diterran\u00e9e. Avec une densit\u00e9 de sites pr\u00e9historiques incomparable et des monuments uniques comme les <em><strong data-start=\"212\" data-end=\"223\" data-is-only-node=\"\">navetes<\/strong><\/em>, les <em><strong data-start=\"229\" data-end=\"239\">taules<\/strong><\/em> et les <em><strong data-start=\"246\" data-end=\"258\">talayots<\/strong><\/em>, l&rsquo;\u00eele se transforme en un v\u00e9ritable mus\u00e9e \u00e0 ciel ouvert qui t\u00e9moigne de plus de 2 000 ans d&rsquo;histoire. La reconnaissance de la <strong data-start=\"387\" data-end=\"455\">Minorque Talayotique comme Patrimoine de l&rsquo;Humanit\u00e9 par l&rsquo;UNESCO<\/strong> refl\u00e8te sa valeur universelle, la conservation de ses vestiges et l&rsquo;importance de cet h\u00e9ritage dans l&rsquo;histoire de l&rsquo;humanit\u00e9. Que vous soyez int\u00e9ress\u00e9 par la pr\u00e9histoire, l&rsquo;arch\u00e9ologie ou la culture m\u00e9diterran\u00e9enne, d\u00e9couvrir les sites talayotiques de Minorque vous permettra de vous connecter avec les premi\u00e8res soci\u00e9t\u00e9s qui ont fa\u00e7onn\u00e9 cette \u00eele unique.\r\n\r\n<strong>Plus d&rsquo;informations : <a href=\"https:\/\/www.menorcatalayotica.info\/en\/\" target=\"_blank\" rel=\"noopener\">Minorque Talayotique (ENG)<\/a><\/strong>\r\n\r\n[\/vc_column_text][\/vc_column][\/vc_row][vc_row][vc_column][vc_column_text] [\/vc_column_text][\/vc_column][\/vc_row][vc_row][vc_column]\n\t<section class=\"cf block loop-grid\" data-id=\"p-1\">\n\t\n\t\t\n\t\t\t\t\t\n\t\t\t<div class=\"block-head block-head-b\">\n\t\t\t\t<h4 class=\"title\"><a href=\"https:\/\/www.descobreixmenorca.com\/es\/category\/cultura-talayotica\/\">Minorque talayotique<\/a><\/h4>\n\t\t\t\t\n\t\t\t\t\t\t\t\n\t\t\t<\/div>\t\n\t\t\t\n\t\t\n\t\t\t\t\n\t\t\t\t\n\t\t<div class=\"block-content\">\n\t\t\n\t<div class=\"posts-dynamic posts-container ts-row grid count-0 is-mixed has-grid-2 masonry\">\n\t\t\t\n\t\t\t\t\t\n\t\t\t\t\t\t\n\t\t\t\t\t\t\t\n\t\t\t\t\t\t\t\t\n\t\t\t\t<div class=\"posts-wrap\">\t\t\t\t\n\t\t\t\t\t\t\n\t\t\t\t\t\t\n\t\t\t\t\t\t\t\t\n\t\t\t\t\t<div class=\"column col-6\">\t\n\t\t\t\t\t\t\n<article id=\"post-53423\" class=\"grid-post post-53423 page type-page status-publish has-post-thumbnail category-minorque-talayotique has-excerpt grid-post-c2 grid-post-c grid-post-left\">\n\n\n\t<div class=\"post-thumb\">\n\t\t\n\t\t<a href=\"https:\/\/www.descobreixmenorca.com\/fr\/la-culture-talayotique-de-minorque\/\" class=\"image-link media-ratio bg-ratio\"style=\"--a-ratio: 0.7475\"><span data-bgsrc=\"https:\/\/www.descobreixmenorca.com\/wp-content\/uploads\/2025\/11\/menorca_talaiotica_2-home.jpg\" class=\"img bg-cover wp-post-image attachment-large size-large\" role=\"img\" data-bgset=\"https:\/\/www.descobreixmenorca.com\/wp-content\/uploads\/2025\/11\/menorca_talaiotica_2-home.jpg 598w, https:\/\/www.descobreixmenorca.com\/wp-content\/uploads\/2025\/11\/menorca_talaiotica_2-home-224x300.jpg 224w, https:\/\/www.descobreixmenorca.com\/wp-content\/uploads\/2025\/11\/menorca_talaiotica_2-home-175x234.jpg 175w, https:\/\/www.descobreixmenorca.com\/wp-content\/uploads\/2025\/11\/menorca_talaiotica_2-home-450x602.jpg 450w\" data-sizes=\"(max-width: 585px) 100vw, 585px\" title=\"La culture talayotique de Minorque\" data-ratio=\"0.7475\"><\/span><\/a>\n\t\t\n\t\t\n\t\t\t\t\n\t<\/div>\n\t\t\n\t\t<div class=\"content-wrap\">\n\t\t\t<div class=\"meta-title\">\n\t\t\n\t\t\t<div class=\"post-meta post-meta-a post-meta-left\"><h2 class=\"is-title post-title-alt\"><a href=\"https:\/\/www.descobreixmenorca.com\/fr\/la-culture-talayotique-de-minorque\/\">La culture talayotique de Minorque<\/a><\/h2><\/div>\t\t\n\t\t<\/div>\n\n\t\t\t\t<div class=\"post-content post-excerpt cf\">\n\t\t\t<p>Minorque conserve un r\u00e9seau de monuments pr\u00e9historiques de premier ordre, transformant l&rsquo;\u00eele en un v\u00e9ritable mus\u00e9e \u00e0 ciel ouvert. Les taulas, les navetas et les talayots sont les constructions m\u00e9galithiques les plus caract\u00e9ristiques des sites arch\u00e9ologiques de Minorque. D\u00e9couvrez-les.<\/p>\n\t\t\t\t\n\t\t<\/div><!-- .post-content -->\n\t\t\t\t\n\t\t\t\t\t\n\t\t\t<a href=\"https:\/\/www.descobreixmenorca.com\/fr\/la-culture-talayotique-de-minorque\/\" class=\"read-more-link read-more-btn\">\n\t\t\t\tSeguir llegint\t\t\t<\/a>\n\n\t\t\n\t\t\n\t<\/div>\n\t\t\n<\/article>\n\t\t\t\t\t<\/div>\n\t\t\t\t\t\n\t\t\t\t\t\t\t\t\t\n\t\t\t\t\t\t\n\t\t\t\t\n\t\t<\/div>\n\t<\/div>\n\t\n\t\n\t\t\t<\/div>\n\t\n\t<\/section>\n\n[\/vc_column][\/vc_row][vc_row][vc_column][vc_column_text]\r\n\r\n[\/vc_column_text][\/vc_column][\/vc_row]\r\n\r\n<!-- \/wp:post-content --><!-- \/wp:freeform --><\/div>","protected":false},"excerpt":{"rendered":"<p>Minorque conserve un r\u00e9seau de monuments pr\u00e9historiques de premier ordre, transformant l&rsquo;\u00eele en un v\u00e9ritable mus\u00e9e \u00e0 ciel ouvert. Les taulas, les navetas et les talayots sont les constructions m\u00e9galithiques les plus caract\u00e9ristiques des sites arch\u00e9ologiques de Minorque. D\u00e9couvrez-les.<\/p>\n","protected":false},"author":1,"featured_media":53422,"parent":0,"menu_order":0,"comment_status":"closed","ping_status":"closed","template":"","meta":{"footnotes":""},"categories":[1368],"tags":[],"class_list":{"0":"post-53423","1":"page","2":"type-page","3":"status-publish","4":"has-post-thumbnail","6":"category-minorque-talayotique"},"yoast_head":"<!-- This site is optimized with the Yoast SEO plugin v27.0 - https:\/\/yoast.com\/product\/yoast-seo-wordpress\/ -->\n<title>La culture talayotique de Minorque | D\u00e9couvrez Minorque<\/title>\n<meta name=\"description\" content=\"Explorez la culture talayotique de Minorque : les plus beaux monuments m\u00e9galithiques de l\u2019\u00eele et son h\u00e9ritage pr\u00e9historique unique reconnu par l\u2019UNESCO\" \/>\n<meta name=\"robots\" content=\"index, follow, max-snippet:-1, max-image-preview:large, max-video-preview:-1\" \/>\n<link rel=\"canonical\" href=\"https:\/\/www.descobreixmenorca.com\/fr\/la-culture-talayotique-de-minorque\/\" \/>\n<meta name=\"twitter:label1\" content=\"Dur\u00e9e de lecture estim\u00e9e\" \/>\n\t<meta name=\"twitter:data1\" content=\"15 minutes\" \/>\n<script type=\"application\/ld+json\" class=\"yoast-schema-graph\">{\"@context\":\"https:\/\/schema.org\",\"@graph\":[{\"@type\":\"WebPage\",\"@id\":\"https:\/\/www.descobreixmenorca.com\/fr\/la-culture-talayotique-de-minorque\/\",\"url\":\"https:\/\/www.descobreixmenorca.com\/fr\/la-culture-talayotique-de-minorque\/\",\"name\":\"La culture talayotique de Minorque | D\u00e9couvrez Minorque\",\"isPartOf\":{\"@id\":\"https:\/\/www.descobreixmenorca.com\/#website\"},\"primaryImageOfPage\":{\"@id\":\"https:\/\/www.descobreixmenorca.com\/fr\/la-culture-talayotique-de-minorque\/#primaryimage\"},\"image\":{\"@id\":\"https:\/\/www.descobreixmenorca.com\/fr\/la-culture-talayotique-de-minorque\/#primaryimage\"},\"thumbnailUrl\":\"https:\/\/www.descobreixmenorca.com\/wp-content\/uploads\/2025\/11\/menorca_talaiotica_2-home.jpg\",\"datePublished\":\"2026-02-01T17:05:38+00:00\",\"dateModified\":\"2026-02-01T18:08:47+00:00\",\"description\":\"Explorez la culture talayotique de Minorque : les plus beaux monuments m\u00e9galithiques de l\u2019\u00eele et son h\u00e9ritage pr\u00e9historique unique reconnu par l\u2019UNESCO\",\"inLanguage\":\"fr-FR\",\"potentialAction\":[{\"@type\":\"ReadAction\",\"target\":[\"https:\/\/www.descobreixmenorca.com\/fr\/la-culture-talayotique-de-minorque\/\"]}]},{\"@type\":\"ImageObject\",\"inLanguage\":\"fr-FR\",\"@id\":\"https:\/\/www.descobreixmenorca.com\/fr\/la-culture-talayotique-de-minorque\/#primaryimage\",\"url\":\"https:\/\/www.descobreixmenorca.com\/wp-content\/uploads\/2025\/11\/menorca_talaiotica_2-home.jpg\",\"contentUrl\":\"https:\/\/www.descobreixmenorca.com\/wp-content\/uploads\/2025\/11\/menorca_talaiotica_2-home.jpg\",\"width\":598,\"height\":800},{\"@type\":\"WebSite\",\"@id\":\"https:\/\/www.descobreixmenorca.com\/#website\",\"url\":\"https:\/\/www.descobreixmenorca.com\/\",\"name\":\"Discovering Menorca\",\"description\":\"The guide to an island of nature and culture\",\"potentialAction\":[{\"@type\":\"SearchAction\",\"target\":{\"@type\":\"EntryPoint\",\"urlTemplate\":\"https:\/\/www.descobreixmenorca.com\/?s={search_term_string}\"},\"query-input\":{\"@type\":\"PropertyValueSpecification\",\"valueRequired\":true,\"valueName\":\"search_term_string\"}}],\"inLanguage\":\"fr-FR\"}]}<\/script>\n<!-- \/ Yoast SEO plugin. -->","yoast_head_json":{"title":"La culture talayotique de Minorque | D\u00e9couvrez Minorque","description":"Explorez la culture talayotique de Minorque : les plus beaux monuments m\u00e9galithiques de l\u2019\u00eele et son h\u00e9ritage pr\u00e9historique unique reconnu par l\u2019UNESCO","robots":{"index":"index","follow":"follow","max-snippet":"max-snippet:-1","max-image-preview":"max-image-preview:large","max-video-preview":"max-video-preview:-1"},"canonical":"https:\/\/www.descobreixmenorca.com\/fr\/la-culture-talayotique-de-minorque\/","twitter_misc":{"Dur\u00e9e de lecture estim\u00e9e":"15 minutes"},"schema":{"@context":"https:\/\/schema.org","@graph":[{"@type":"WebPage","@id":"https:\/\/www.descobreixmenorca.com\/fr\/la-culture-talayotique-de-minorque\/","url":"https:\/\/www.descobreixmenorca.com\/fr\/la-culture-talayotique-de-minorque\/","name":"La culture talayotique de Minorque | D\u00e9couvrez Minorque","isPartOf":{"@id":"https:\/\/www.descobreixmenorca.com\/#website"},"primaryImageOfPage":{"@id":"https:\/\/www.descobreixmenorca.com\/fr\/la-culture-talayotique-de-minorque\/#primaryimage"},"image":{"@id":"https:\/\/www.descobreixmenorca.com\/fr\/la-culture-talayotique-de-minorque\/#primaryimage"},"thumbnailUrl":"https:\/\/www.descobreixmenorca.com\/wp-content\/uploads\/2025\/11\/menorca_talaiotica_2-home.jpg","datePublished":"2026-02-01T17:05:38+00:00","dateModified":"2026-02-01T18:08:47+00:00","description":"Explorez la culture talayotique de Minorque : les plus beaux monuments m\u00e9galithiques de l\u2019\u00eele et son h\u00e9ritage pr\u00e9historique unique reconnu par l\u2019UNESCO","inLanguage":"fr-FR","potentialAction":[{"@type":"ReadAction","target":["https:\/\/www.descobreixmenorca.com\/fr\/la-culture-talayotique-de-minorque\/"]}]},{"@type":"ImageObject","inLanguage":"fr-FR","@id":"https:\/\/www.descobreixmenorca.com\/fr\/la-culture-talayotique-de-minorque\/#primaryimage","url":"https:\/\/www.descobreixmenorca.com\/wp-content\/uploads\/2025\/11\/menorca_talaiotica_2-home.jpg","contentUrl":"https:\/\/www.descobreixmenorca.com\/wp-content\/uploads\/2025\/11\/menorca_talaiotica_2-home.jpg","width":598,"height":800},{"@type":"WebSite","@id":"https:\/\/www.descobreixmenorca.com\/#website","url":"https:\/\/www.descobreixmenorca.com\/","name":"Discovering Menorca","description":"The guide to an island of nature and culture","potentialAction":[{"@type":"SearchAction","target":{"@type":"EntryPoint","urlTemplate":"https:\/\/www.descobreixmenorca.com\/?s={search_term_string}"},"query-input":{"@type":"PropertyValueSpecification","valueRequired":true,"valueName":"search_term_string"}}],"inLanguage":"fr-FR"}]}},"_links":{"self":[{"href":"https:\/\/www.descobreixmenorca.com\/fr\/wp-json\/wp\/v2\/pages\/53423","targetHints":{"allow":["GET"]}}],"collection":[{"href":"https:\/\/www.descobreixmenorca.com\/fr\/wp-json\/wp\/v2\/pages"}],"about":[{"href":"https:\/\/www.descobreixmenorca.com\/fr\/wp-json\/wp\/v2\/types\/page"}],"author":[{"embeddable":true,"href":"https:\/\/www.descobreixmenorca.com\/fr\/wp-json\/wp\/v2\/users\/1"}],"replies":[{"embeddable":true,"href":"https:\/\/www.descobreixmenorca.com\/fr\/wp-json\/wp\/v2\/comments?post=53423"}],"version-history":[{"count":8,"href":"https:\/\/www.descobreixmenorca.com\/fr\/wp-json\/wp\/v2\/pages\/53423\/revisions"}],"predecessor-version":[{"id":53477,"href":"https:\/\/www.descobreixmenorca.com\/fr\/wp-json\/wp\/v2\/pages\/53423\/revisions\/53477"}],"wp:featuredmedia":[{"embeddable":true,"href":"https:\/\/www.descobreixmenorca.com\/fr\/wp-json\/wp\/v2\/media\/53422"}],"wp:attachment":[{"href":"https:\/\/www.descobreixmenorca.com\/fr\/wp-json\/wp\/v2\/media?parent=53423"}],"wp:term":[{"taxonomy":"category","embeddable":true,"href":"https:\/\/www.descobreixmenorca.com\/fr\/wp-json\/wp\/v2\/categories?post=53423"},{"taxonomy":"post_tag","embeddable":true,"href":"https:\/\/www.descobreixmenorca.com\/fr\/wp-json\/wp\/v2\/tags?post=53423"}],"curies":[{"name":"wp","href":"https:\/\/api.w.org\/{rel}","templated":true}]}}