{"id":6074,"date":"2013-06-03T09:38:27","date_gmt":"2013-06-03T07:38:27","guid":{"rendered":"https:\/\/www.descobreixmenorca.com\/?page_id=6074"},"modified":"2025-12-14T12:36:41","modified_gmt":"2025-12-14T11:36:41","slug":"faro-de-san-carlos","status":"publish","type":"page","link":"https:\/\/www.descobreixmenorca.com\/es\/faros-menorca\/faro-de-san-carlos\/","title":{"rendered":"Faro de San Carlos"},"content":{"rendered":"<div class=\"wpb-content-wrapper\"><p>[vc_row][vc_column][vc_column_text]<\/p>\n<figure id=\"attachment_30785\" aria-describedby=\"caption-attachment-30785\" style=\"width: 750px\" class=\"wp-caption aligncenter\"><img loading=\"lazy\" decoding=\"async\" class=\"wp-image-30785 size-full\" title=\"Faro de San Carlos. Menorca\" src=\"https:\/\/www.descobreixmenorca.com\/wp-content\/uploads\/2015\/11\/menorca_far_san_carles_apb.jpg\" alt=\"Faro de San Carlos. Faros de Menorca\" width=\"750\" height=\"346\" srcset=\"https:\/\/www.descobreixmenorca.com\/wp-content\/uploads\/2015\/11\/menorca_far_san_carles_apb.jpg 750w, https:\/\/www.descobreixmenorca.com\/wp-content\/uploads\/2015\/11\/menorca_far_san_carles_apb-300x138.jpg 300w\" sizes=\"auto, (max-width: 750px) 100vw, 750px\" \/><figcaption id=\"caption-attachment-30785\" class=\"wp-caption-text\">Faro de San Carlos \u00a9Autoritat Portuaria de Balears<\/figcaption><\/figure>\n<h1><strong>Faro de San Carlos<\/strong><\/h1>\n<h2>El faro que fue derribado para dejar v\u00eda libre a las pr\u00e1cticas militares que se hac\u00edan a su alrededor.<\/h2>\n<p>Est\u00e1 situado en el lado sur de la bocana del <b>puerto de Ma\u00f3<\/b>, dentro de las instalaciones militares donde se encuentran los restos del <a title=\"Castell de Sant Felip. Menorca\" href=\"https:\/\/www.descobreixmenorca.com\/es\/menorca-britanica-2\/castillo-de-san-felipe\/\">castillo de Sant Felip<\/a> (s. XVI). Es por eso que su acceso est\u00e1 restringido. El faro original fue derribado en 1917 y se sustituy\u00f3 por una torre de hormig\u00f3n de 10 m con rayas negras y blancas. Se encuentra a 22 m sobre el nivel del mar y tiene una apariencia luminosa de 2 ocultaciones cada 6 segundos. Su luz se puede ver desde 12 millas n\u00e1uticas.<\/p>\n<p><span style=\"color: #ff0000;\"><i class=\"fas fa-triangle-exclamation\"><\/i><\/span> El acceso al <b>castillo<\/b><b> de Sant Felip<\/b> y al faro est\u00e1n restringidos porque se encuentran en zona militar.<\/p>\n<figure id=\"attachment_30770\" aria-describedby=\"caption-attachment-30770\" style=\"width: 750px\" class=\"wp-caption aligncenter\"><img loading=\"lazy\" decoding=\"async\" class=\"wp-image-30770 size-full\" title=\"Faro de Sant Carlos. Menorca\" src=\"https:\/\/www.descobreixmenorca.com\/wp-content\/uploads\/2015\/11\/menorca_far_de_sant_carles_lluc_julia.jpg\" alt=\"Faro de Sant Carlos. Faros de Menorca\" width=\"750\" height=\"444\" srcset=\"https:\/\/www.descobreixmenorca.com\/wp-content\/uploads\/2015\/11\/menorca_far_de_sant_carles_lluc_julia.jpg 750w, https:\/\/www.descobreixmenorca.com\/wp-content\/uploads\/2015\/11\/menorca_far_de_sant_carles_lluc_julia-300x178.jpg 300w\" sizes=\"auto, (max-width: 750px) 100vw, 750px\" \/><figcaption id=\"caption-attachment-30770\" class=\"wp-caption-text\">El faro de Sant Carlos, actualmente.<\/figcaption><\/figure>\n<h2><strong>Su historia<\/strong><\/h2>\n<p>El <b>faro<\/b><b> de San Carlos<\/b> fue inaugurado en 1852. El primer faro se demoli\u00f3 porque entraba en conflicto con las pr\u00e1cticas de tiro de la bater\u00eda militar que hab\u00eda instalada a su alrededor. Obstaculizaba las pr\u00e1cticas militares y pon\u00eda en peligro la vida de los fareros y sus familias. Esto motiv\u00f3 el apagado del faro en 1912 y su sustituci\u00f3n por una farola m\u00f3vil que, mediante un pescante, se plegaba para dejar libre el espacio de tiro durante las pr\u00e1cticas militares. Finalmente en 1917 se derrib\u00f3 el antiguo edificio y parte del material demolido se reutiliz\u00f3 para la construcci\u00f3n del <a title=\"Far de Fav\u00e0ritx. Menorca\" href=\"https:\/\/www.descobreixmenorca.com\/es\/faros-menorca\/faro-de-favaritx\/\">faro de Fav\u00e0ritx<\/a>. El 22 de julio de 1918 qued\u00f3 electrificado el alumbrado de la farola situado en el pescante y, a unos cien metros de distancia del antiguo faro de <strong><a href=\"https:\/\/www.descobreixmenorca.com\/es\/pueblos-de-menorca\/mahon\/\">Ma\u00f3<\/a><\/strong>, se construyeron unas viviendas nuevas para los fareros.<\/p>\n<figure id=\"attachment_30786\" aria-describedby=\"caption-attachment-30786\" style=\"width: 750px\" class=\"wp-caption aligncenter\"><img loading=\"lazy\" decoding=\"async\" class=\"wp-image-30786 size-full\" title=\"Faro de Sant Carlos. Faros de Menorca.\" src=\"https:\/\/www.descobreixmenorca.com\/wp-content\/uploads\/2015\/11\/menorca_far_sant_carles_antiga_apb.jpg\" alt=\"El faro de Sant Carlos antes de la su demolici\u00f3n. Faros de Menorca.\" width=\"750\" height=\"472\" srcset=\"https:\/\/www.descobreixmenorca.com\/wp-content\/uploads\/2015\/11\/menorca_far_sant_carles_antiga_apb.jpg 750w, https:\/\/www.descobreixmenorca.com\/wp-content\/uploads\/2015\/11\/menorca_far_sant_carles_antiga_apb-300x189.jpg 300w\" sizes=\"auto, (max-width: 750px) 100vw, 750px\" \/><figcaption id=\"caption-attachment-30786\" class=\"wp-caption-text\">El faro de Sant Carlos antes de la su demolici\u00f3n. \u00a9Autoritat Portuaria de Balears<\/figcaption><\/figure>\n<h2><strong>El puerto de Ma\u00f3<\/strong><\/h2>\n<p>Por su relevancia estrat\u00e9gica, el <b>puerto de Ma\u00f3<\/b> ha sido un enclave destacado en la historia de Menorca. Su bocana est\u00e1 llena de un buen n\u00famero de monumentos militares. El faro se encuentra en el emplazamiento del antiguo <b>castillo<\/b><b> de Sant Felip<\/b>, del siglo XVI, entre el <b>puerto<\/b><b> de Ma\u00f3<\/b> y la <b>cala Sant<\/b><b> Esteve<\/b>. Desde este punto tenemos una vista privilegiada de la fortaleza de <b>La Mola<\/b> (s. XIX), al otro lado del puerto. En la <b>cala<\/b><b> Sant Esteve<\/b>, tambi\u00e9n encontramos el <a title=\"Fuerte Marlborough. Menorca\" href=\"https:\/\/www.descobreixmenorca.com\/es\/menorca-britanica-2\/fuerte-marlborough\/\">fuerte Marlborough<\/a>, construido por los ingleses durante el siglo XVIII.<\/p>\n<h2><strong>Mapa<\/strong><\/h2>\n<p style=\"text-align: center;\"><iframe loading=\"lazy\" src=\"https:\/\/maps.google.es\/maps\/ms?msa=0&amp;msid=211637723452826489021.0004c6b1f3aef75a452aa&amp;hl=ca&amp;ie=UTF8&amp;t=h&amp;source=embed&amp;ll=39.864837,4.302692&amp;spn=0.005765,0.014441&amp;z=16&amp;output=embed\" width=\"750\" height=\"400\" frameborder=\"0\" marginwidth=\"0\" marginheight=\"0\" scrolling=\"no\"><\/iframe><br \/>\n<small>Ver\u00a0el mapa <a style=\"color: #0000ff; text-align: left;\" href=\"https:\/\/maps.google.es\/maps\/ms?msa=0&amp;msid=211637723452826489021.0004c6b1f3aef75a452aa&amp;hl=ca&amp;ie=UTF8&amp;t=h&amp;source=embed&amp;ll=39.864837,4.302692&amp;spn=0.005765,0.014441&amp;z=16\">Faros de Menorca<\/a> en Google Maps<\/small><\/p>\n<p><i class=\"fas fa-circle-info\"><\/i><strong>\u00a0 Ver todos los <a title=\"Faro de San Carlos. Menorca\" href=\"https:\/\/www.descobreixmenorca.com\/es\/category\/faros\/\">faros de Menorca<\/a><\/strong><\/p>\n<hr \/>\n<p>[\/vc_column_text][\/vc_column][\/vc_row][vc_row][vc_column][vc_column_text single_style=\u00bb\u00bb css=\u00bb\u00bb]<\/p>\n<h2 style=\"text-align: center;\"><strong>EBOOK<\/strong><\/h2>\n<h2 style=\"text-align: center; font-size: 40px; line-height: 1.2;\"><strong><span style=\"color: #ff6600;\">QU\u00c9 HACER 7 D\u00cdAS EN MENORCA<\/span><\/strong><\/h2>\n<h2 style=\"text-align: center; font-size: 25px; line-height: 1.5;\"><strong>Solo, en pareja, con amigos o en familia<\/strong><\/h2>\n<h2 style=\"text-align: center; font-size: 25px;\"><strong><span style=\"color: #008080;\">Primavera | Verano | Oto\u00f1o | Invierno<\/span><\/strong><\/h2>\n<p><img loading=\"lazy\" decoding=\"async\" class=\"aligncenter wp-image-50092 size-full\" src=\"https:\/\/www.descobreixmenorca.com\/wp-content\/uploads\/2025\/12\/ebook_menorca_7_dies_esp_3d.jpg\" alt=\"\" width=\"1000\" height=\"795\" \/><\/p>\n<h2 style=\"text-align: center;\">Encuentra lo imprescindible de Menorca en el ebook Menorca x 7, organizado en 7 zonas con el objetivo de optimizar tu estancia en la isla sin perderte nada, optimizando el tiempo y los desplazamientos de tus vacaciones.<\/h2>\n<h3 style=\"text-align: center;\">28 p\u00e1ginas en formato PDF interactivo con las mejores playas, monumentos, actividades, restaurantes, etc. Una gu\u00eda consultable desde tu ordenador, tablet o m\u00f3vil con una selecci\u00f3n de lo m\u00e1s importante de Menorca donde puedes elegir qu\u00e9 hacer y qu\u00e9 visitar, seg\u00fan tus gustos o necesidades. Un plan de viaje organizado\u00a0seg\u00fan las 7 zonas m\u00e1s interesantes de la isla.<\/h3>\n<p>[\/vc_column_text][vc_btn title=\u00bbQUIERO VER EL EBOOK\u00bb style=\u00bbcustom\u00bb custom_background=\u00bb#00748C\u00bb custom_text=\u00bb#FFFFFF\u00bb align=\u00bbcenter\u00bb css=\u00bb.vc_custom_1765134473268{margin-bottom: 60px !important;background-color: #FFFFFF !important;}\u00bb link=\u00bburl:https%3A%2F%2Fwww.descobreixmenorca.com%2Fes%2Fque-ver-en-menorca-en-7-dias%2F|target:_blank\u00bb][\/vc_column][\/vc_row][vc_row][vc_column]\n\t<section class=\"cf block loop-grid\" data-id=\"p-1\">\n\t\n\t\t\n\t\t\t\t\t\n\t\t\t<div class=\"block-head block-head-b\">\n\t\t\t\t<h4 class=\"title\"><a href=\"https:\/\/www.descobreixmenorca.com\/es\/category\/faros\/\">Faros de Menorca<\/a><\/h4>\n\t\t\t\t\n\t\t\t\t\t\t\t\n\t\t\t<\/div>\t\n\t\t\t\n\t\t\n\t\t\t\t\n\t\t\t\t\n\t\t<div class=\"block-content\">\n\t\t\n\t<div class=\"posts-dynamic posts-container ts-row grid count-0 is-mixed has-grid-2 masonry\">\n\t\t\t\n\t\t\t\t\t\n\t\t\t\t\t\t\n\t\t\t\t\t\t\t\n\t\t\t\t\t\t\t\t\n\t\t\t\t<div class=\"posts-wrap\">\t\t\t\t\n\t\t\t\t\t\t\n\t\t\t\t\t\t\n\t\t\t\t\t\t\t\t\n\t\t\t\t\t<div class=\"column col-6\">\t\n\t\t\t\t\t\t\n<article id=\"post-5995\" class=\"grid-post post-5995 page type-page status-publish has-post-thumbnail category-faros has-excerpt grid-post-c2 grid-post-c grid-post-left\">\n\n\n\t<div class=\"post-thumb\">\n\t\t\n\t\t<a href=\"https:\/\/www.descobreixmenorca.com\/es\/faros-menorca\/\" class=\"image-link media-ratio bg-ratio\"style=\"--a-ratio: 1.6891891891892\"><span data-bgsrc=\"https:\/\/www.descobreixmenorca.com\/wp-content\/uploads\/2013\/04\/menorca_far_de_favaritx_lluc_julia.jpg\" class=\"img bg-cover wp-post-image attachment-large size-large\" role=\"img\" data-bgset=\"https:\/\/www.descobreixmenorca.com\/wp-content\/uploads\/2013\/04\/menorca_far_de_favaritx_lluc_julia.jpg 750w, https:\/\/www.descobreixmenorca.com\/wp-content\/uploads\/2013\/04\/menorca_far_de_favaritx_lluc_julia-300x178.jpg 300w\" data-sizes=\"(max-width: 585px) 100vw, 585px\" aria-label=\"Faro de fav\u00e0ritx. Menorca\" data-ratio=\"1.6891891891892\"><\/span><\/a>\n\t\t\n\t\t\n\t\t\t\t\n\t<\/div>\n\t\t\n\t\t<div class=\"content-wrap\">\n\t\t\t<div class=\"meta-title\">\n\t\t\n\t\t\t<div class=\"post-meta post-meta-a post-meta-left\"><h2 class=\"is-title post-title-alt\"><a href=\"https:\/\/www.descobreixmenorca.com\/es\/faros-menorca\/\">Faros de Menorca, 7 edificios singulares con historia<\/a><\/h2><\/div>\t\t\n\t\t<\/div>\n\n\t\t\t\t<div class=\"post-content post-excerpt cf\">\n\t\t\t<p>Los emplazamientos solitarios y extremos de la mayor\u00eda de los faros, acompa\u00f1ados de su singular silueta, hacen que estas se\u00f1ales mar\u00edtimas hayan sido siempre objeto de admiraci\u00f3n por mucha gente. El origen principal de su existencia es la se\u00f1alizaci\u00f3n de la costa con el objetivo de evitar naufragios.<\/p>\n\t\t\t\t\n\t\t<\/div><!-- .post-content -->\n\t\t\t\t\n\t\t\t\t\t\n\t\t\t<a href=\"https:\/\/www.descobreixmenorca.com\/es\/faros-menorca\/\" class=\"read-more-link read-more-btn\">\n\t\t\t\tSeguir llegint\t\t\t<\/a>\n\n\t\t\n\t\t\n\t<\/div>\n\t\t\n<\/article>\n\t\t\t\t\t<\/div>\n\t\t\t\t\t\n\t\t\t\t\t\t\t\t\t\n\t\t\t\t\t\t\n\t\t\t\t\t\n\t\t\t\t\t\t\n\t\t\t\t\t\t\n\t\t\t\t\t\t\t\t\n\t\t\t\t\t<div class=\"column col-6\">\t\n\t\t\t\t\t\t\n<article id=\"post-6042\" class=\"grid-post post-6042 page type-page status-publish has-post-thumbnail category-faros tag-ciutadella-es has-excerpt grid-post-c2 grid-post-c grid-post-left\">\n\n\n\t<div class=\"post-thumb\">\n\t\t\n\t\t<a href=\"https:\/\/www.descobreixmenorca.com\/es\/faros-menorca\/faro-de-punta-nati\/\" class=\"image-link media-ratio bg-ratio\"style=\"--a-ratio: 1.5748031496063\"><span data-bgsrc=\"https:\/\/www.descobreixmenorca.com\/wp-content\/uploads\/2024\/05\/menorca_far_punta_nati_2_lluc_julia.jpg\" class=\"img bg-cover wp-post-image attachment-large size-large\" role=\"img\" data-bgset=\"https:\/\/www.descobreixmenorca.com\/wp-content\/uploads\/2024\/05\/menorca_far_punta_nati_2_lluc_julia.jpg 1000w, https:\/\/www.descobreixmenorca.com\/wp-content\/uploads\/2024\/05\/menorca_far_punta_nati_2_lluc_julia-300x191.jpg 300w, https:\/\/www.descobreixmenorca.com\/wp-content\/uploads\/2024\/05\/menorca_far_punta_nati_2_lluc_julia-768x488.jpg 768w\" data-sizes=\"(max-width: 585px) 100vw, 585px\" aria-label=\"Far de Punta Nati. Fars de Menorca\" data-ratio=\"1.5748031496063\"><\/span><\/a>\n\t\t\n\t\t\n\t\t\t\t\n\t<\/div>\n\t\t\n\t\t<div class=\"content-wrap\">\n\t\t\t<div class=\"meta-title\">\n\t\t\n\t\t\t<div class=\"post-meta post-meta-a post-meta-left\"><h2 class=\"is-title post-title-alt\"><a href=\"https:\/\/www.descobreixmenorca.com\/es\/faros-menorca\/faro-de-punta-nati\/\">Faro de punta Nati, el faro de las puestas de sol<\/a><\/h2><\/div>\t\t\n\t\t<\/div>\n\n\t\t\t\t<div class=\"post-content post-excerpt cf\">\n\t\t\t<p>Este faro est\u00e1 ubicado en punta Nati, arriba de los acantilados del extremo noroeste de la isla, a 6 km de Ciutadella. Consta de dos edificios de mamposter\u00eda rectangulares e independientes de una torre de planta hexagonal.<\/p>\n\t\t\t\t\n\t\t<\/div><!-- .post-content -->\n\t\t\t\t\n\t\t\t\t\t\n\t\t\t<a href=\"https:\/\/www.descobreixmenorca.com\/es\/faros-menorca\/faro-de-punta-nati\/\" class=\"read-more-link read-more-btn\">\n\t\t\t\tSeguir llegint\t\t\t<\/a>\n\n\t\t\n\t\t\n\t<\/div>\n\t\t\n<\/article>\n\t\t\t\t\t<\/div>\n\t\t\t\t\t\n\t\t\t\t\t\t\t\t\t\n\t\t\t\t\t\t\n\t\t\t\t\t\n\t\t\t\t\t\t\n\t\t\t\t\t\t\n\t\t\t\t\t\t\t\t\n\t\t\t\t\t<div class=\"column col-6\">\t\n\t\t\t\t\t\t\n<article id=\"post-6016\" class=\"grid-post post-6016 page type-page status-publish has-post-thumbnail category-faros tag-es-mercadal-es has-excerpt grid-post-c2 grid-post-c grid-post-left\">\n\n\n\t<div class=\"post-thumb\">\n\t\t\n\t\t<a href=\"https:\/\/www.descobreixmenorca.com\/es\/faros-menorca\/faro-de-cavalleria\/\" class=\"image-link media-ratio bg-ratio\"style=\"--a-ratio: 2.1676300578035\"><span data-bgsrc=\"https:\/\/www.descobreixmenorca.com\/wp-content\/uploads\/2015\/11\/menorca_far_cavalleria_czernikowski.jpg\" class=\"img bg-cover wp-post-image attachment-large size-large\" role=\"img\" data-bgset=\"https:\/\/www.descobreixmenorca.com\/wp-content\/uploads\/2015\/11\/menorca_far_cavalleria_czernikowski.jpg 750w, https:\/\/www.descobreixmenorca.com\/wp-content\/uploads\/2015\/11\/menorca_far_cavalleria_czernikowski-300x138.jpg 300w\" data-sizes=\"(max-width: 585px) 100vw, 585px\" aria-label=\"Panor\u00e0mica des del far de Cavalleria. Menorca\" data-ratio=\"2.1676300578035\"><\/span><\/a>\n\t\t\n\t\t\n\t\t\t\t\n\t<\/div>\n\t\t\n\t\t<div class=\"content-wrap\">\n\t\t\t<div class=\"meta-title\">\n\t\t\n\t\t\t<div class=\"post-meta post-meta-a post-meta-left\"><h2 class=\"is-title post-title-alt\"><a href=\"https:\/\/www.descobreixmenorca.com\/es\/faros-menorca\/faro-de-cavalleria\/\">Faro de Cavalleria, el extremo m\u00e1s septentrional de la isla<\/a><\/h2><\/div>\t\t\n\t\t<\/div>\n\n\t\t\t\t<div class=\"post-content post-excerpt cf\">\n\t\t\t<p>Est\u00e1 situado en la punta del cabo de Cavalleria, el extremo m\u00e1s septentrional de Menorca, a 13,2 km de la poblaci\u00f3n de Es Mercadal. Su torre blanca, de 15 m de altura, est\u00e1 ubicada sobre uno de los acantilados m\u00e1s altos de la isla.<\/p>\n\t\t\t\t\n\t\t<\/div><!-- .post-content -->\n\t\t\t\t\n\t\t\t\t\t\n\t\t\t<a href=\"https:\/\/www.descobreixmenorca.com\/es\/faros-menorca\/faro-de-cavalleria\/\" class=\"read-more-link read-more-btn\">\n\t\t\t\tSeguir llegint\t\t\t<\/a>\n\n\t\t\n\t\t\n\t<\/div>\n\t\t\n<\/article>\n\t\t\t\t\t<\/div>\n\t\t\t\t\t\n\t\t\t\t\t\t\t\t\t\n\t\t\t\t\t\t\n\t\t\t\t\t\n\t\t\t\t\t\t\n\t\t\t\t\t\t\n\t\t\t\t\t\t\t\t\n\t\t\t\t\t<div class=\"column col-6\">\t\n\t\t\t\t\t\t\n<article id=\"post-6004\" class=\"grid-post post-6004 page type-page status-publish has-post-thumbnail category-faros tag-mao has-excerpt grid-post-c2 grid-post-c grid-post-left\">\n\n\n\t<div class=\"post-thumb\">\n\t\t\n\t\t<a href=\"https:\/\/www.descobreixmenorca.com\/es\/faros-menorca\/faro-de-favaritx\/\" class=\"image-link media-ratio bg-ratio\"style=\"--a-ratio: 1.6891891891892\"><span data-bgsrc=\"https:\/\/www.descobreixmenorca.com\/wp-content\/uploads\/2015\/11\/menorca_far_favaritx_lluna_lluc_julia.jpg\" class=\"img bg-cover wp-post-image attachment-large size-large\" role=\"img\" data-bgset=\"https:\/\/www.descobreixmenorca.com\/wp-content\/uploads\/2015\/11\/menorca_far_favaritx_lluna_lluc_julia.jpg 750w, https:\/\/www.descobreixmenorca.com\/wp-content\/uploads\/2015\/11\/menorca_far_favaritx_lluna_lluc_julia-300x178.jpg 300w\" data-sizes=\"(max-width: 585px) 100vw, 585px\" aria-label=\"Faro de Fav\u00e0ritx con luna llena\" data-ratio=\"1.6891891891892\"><\/span><\/a>\n\t\t\n\t\t\n\t\t\t\t\n\t<\/div>\n\t\t\n\t\t<div class=\"content-wrap\">\n\t\t\t<div class=\"meta-title\">\n\t\t\n\t\t\t<div class=\"post-meta post-meta-a post-meta-left\"><h2 class=\"is-title post-title-alt\"><a href=\"https:\/\/www.descobreixmenorca.com\/es\/faros-menorca\/faro-de-favaritx\/\">Faro de Fav\u00e0ritx, el faro del levante menorqu\u00edn<\/a><\/h2><\/div>\t\t\n\t\t<\/div>\n\n\t\t\t\t<div class=\"post-content post-excerpt cf\">\n\t\t\t<p>El faro de Fav\u00e0ritx es el primero que se construy\u00f3 con torre de hormig\u00f3n en Baleares. Est\u00e1 situado en el extremo noreste de la isla, su torre, blanca y con una banda negra en espiral, le da un aspecto muy personal.<\/p>\n\t\t\t\t\n\t\t<\/div><!-- .post-content -->\n\t\t\t\t\n\t\t\t\t\t\n\t\t\t<a href=\"https:\/\/www.descobreixmenorca.com\/es\/faros-menorca\/faro-de-favaritx\/\" class=\"read-more-link read-more-btn\">\n\t\t\t\tSeguir llegint\t\t\t<\/a>\n\n\t\t\n\t\t\n\t<\/div>\n\t\t\n<\/article>\n\t\t\t\t\t<\/div>\n\t\t\t\t\t\n\t\t\t\t\t\t\t\t\t\n\t\t\t\t\t\t\n\t\t\t\t\t\n\t\t\t\t\t\t\n\t\t\t\t\t\t\n\t\t\t\t\t\t\t\t\n\t\t\t\t\t<div class=\"column col-6\">\t\n\t\t\t\t\t\t\n<article id=\"post-6066\" class=\"grid-post post-6066 page type-page status-publish has-post-thumbnail category-faros tag-sant-lluis-es has-excerpt grid-post-c2 grid-post-c grid-post-left\">\n\n\n\t<div class=\"post-thumb\">\n\t\t\n\t\t<a href=\"https:\/\/www.descobreixmenorca.com\/es\/faros-menorca\/faro-de-la-isla-del-aire\/\" class=\"image-link media-ratio bg-ratio\"style=\"--a-ratio: 2.1676300578035\"><span data-bgsrc=\"https:\/\/www.descobreixmenorca.com\/wp-content\/uploads\/2015\/11\/menorca_far_illa_aire_apb.jpg\" class=\"img bg-cover wp-post-image attachment-large size-large\" role=\"img\" data-bgset=\"https:\/\/www.descobreixmenorca.com\/wp-content\/uploads\/2015\/11\/menorca_far_illa_aire_apb.jpg 750w, https:\/\/www.descobreixmenorca.com\/wp-content\/uploads\/2015\/11\/menorca_far_illa_aire_apb-300x138.jpg 300w\" data-sizes=\"(max-width: 585px) 100vw, 585px\" aria-label=\"Foto a\u00e8ria del far de l&#039;illa de l&#039;Aire. Menorca\" data-ratio=\"2.1676300578035\"><\/span><\/a>\n\t\t\n\t\t\n\t\t\t\t\n\t<\/div>\n\t\t\n\t\t<div class=\"content-wrap\">\n\t\t\t<div class=\"meta-title\">\n\t\t\n\t\t\t<div class=\"post-meta post-meta-a post-meta-left\"><h2 class=\"is-title post-title-alt\"><a href=\"https:\/\/www.descobreixmenorca.com\/es\/faros-menorca\/faro-de-la-isla-del-aire\/\">Faro de la isla del Aire<\/a><\/h2><\/div>\t\t\n\t\t<\/div>\n\n\t\t\t\t<div class=\"post-content post-excerpt cf\">\n\t\t\t<p>Faro imponente ubicado en el punto m\u00e1s alto de la isla del Aire, un peque\u00f1o islote deshabitado, de unas 34 ha, situado a poco m\u00e1s de una milla n\u00e1utica de punta Prima, el extremo sureste de Menorca.<\/p>\n\t\t\t\t\n\t\t<\/div><!-- .post-content -->\n\t\t\t\t\n\t\t\t\t\t\n\t\t\t<a href=\"https:\/\/www.descobreixmenorca.com\/es\/faros-menorca\/faro-de-la-isla-del-aire\/\" class=\"read-more-link read-more-btn\">\n\t\t\t\tSeguir llegint\t\t\t<\/a>\n\n\t\t\n\t\t\n\t<\/div>\n\t\t\n<\/article>\n\t\t\t\t\t<\/div>\n\t\t\t\t\t\n\t\t\t\t\t\t\t\t\t\n\t\t\t\t\t\t\n\t\t\t\t\t\n\t\t\t\t\t\t\n\t\t\t\t\t\t\n\t\t\t\t\t\t\t\t\n\t\t\t\t\t<div class=\"column col-6\">\t\n\t\t\t\t\t\t\n<article id=\"post-8072\" class=\"grid-post post-8072 page type-page status-publish has-post-thumbnail category-faros category-kayak-es tag-es-mercadal-es tag-fornells-es has-excerpt grid-post-c2 grid-post-c grid-post-left\">\n\n\n\t<div class=\"post-thumb\">\n\t\t\n\t\t<a href=\"https:\/\/www.descobreixmenorca.com\/es\/menorca-en-kayak\/bahia-de-fornells-en-kayak\/\" class=\"image-link media-ratio bg-ratio\"style=\"--a-ratio: 1.6891891891892\"><span data-bgsrc=\"https:\/\/www.descobreixmenorca.com\/wp-content\/uploads\/2015\/11\/menorca_en_kayak_fornells_lluc_julia.jpg\" class=\"img bg-cover wp-post-image attachment-large size-large\" role=\"img\" data-bgset=\"https:\/\/www.descobreixmenorca.com\/wp-content\/uploads\/2015\/11\/menorca_en_kayak_fornells_lluc_julia.jpg 750w, https:\/\/www.descobreixmenorca.com\/wp-content\/uploads\/2015\/11\/menorca_en_kayak_fornells_lluc_julia-300x178.jpg 300w\" data-sizes=\"(max-width: 585px) 100vw, 585px\" aria-label=\"Fornells. Menorca\" data-ratio=\"1.6891891891892\"><\/span><\/a>\n\t\t\n\t\t\n\t\t\t\t\n\t<\/div>\n\t\t\n\t\t<div class=\"content-wrap\">\n\t\t\t<div class=\"meta-title\">\n\t\t\n\t\t\t<div class=\"post-meta post-meta-a post-meta-left\"><h2 class=\"is-title post-title-alt\"><a href=\"https:\/\/www.descobreixmenorca.com\/es\/menorca-en-kayak\/bahia-de-fornells-en-kayak\/\">La bah\u00eda de Fornells en kayak<\/a><\/h2><\/div>\t\t\n\t\t<\/div>\n\n\t\t\t\t<div class=\"post-content post-excerpt cf\">\n\t\t\t<p>Esta ruta en kayak comienza en el peque\u00f1o pueblo de pescadores de Fornells y recorre toda la bah\u00eda, pasando cerca de antiguas salinas en desuso, tranquilas calas solitarias y sus islotes.<\/p>\n\t\t\t\t\n\t\t<\/div><!-- .post-content -->\n\t\t\t\t\n\t\t\t\t\t\n\t\t\t<a href=\"https:\/\/www.descobreixmenorca.com\/es\/menorca-en-kayak\/bahia-de-fornells-en-kayak\/\" class=\"read-more-link read-more-btn\">\n\t\t\t\tSeguir llegint\t\t\t<\/a>\n\n\t\t\n\t\t\n\t<\/div>\n\t\t\n<\/article>\n\t\t\t\t\t<\/div>\n\t\t\t\t\t\n\t\t\t\t\t\t\t\t\t\n\t\t\t\t\t\t\n\t\t\t\t\t\n\t\t\t\t\t\t\n\t\t\t\t\t\t\n\t\t\t\t\t\t\t\t\n\t\t\t\t\t<div class=\"column col-6\">\t\n\t\t\t\t\t\t\n<article id=\"post-7541\" class=\"grid-post post-7541 page type-page status-publish has-post-thumbnail category-faros category-kayak-es tag-ferreries-es has-excerpt grid-post-c2 grid-post-c grid-post-left\">\n\n\n\t<div class=\"post-thumb\">\n\t\t\n\t\t<a href=\"https:\/\/www.descobreixmenorca.com\/es\/menorca-en-kayak\/cala-galdana-cala-mitjana-en-kayak\/\" class=\"image-link media-ratio bg-ratio\"style=\"--a-ratio: 1.6891891891892\"><span data-bgsrc=\"https:\/\/www.descobreixmenorca.com\/wp-content\/uploads\/2015\/10\/menorca_en_kayak_pont_ali.jpg\" class=\"img bg-cover wp-post-image attachment-large size-large\" role=\"img\" data-bgset=\"https:\/\/www.descobreixmenorca.com\/wp-content\/uploads\/2015\/10\/menorca_en_kayak_pont_ali.jpg 750w, https:\/\/www.descobreixmenorca.com\/wp-content\/uploads\/2015\/10\/menorca_en_kayak_pont_ali-300x178.jpg 300w\" data-sizes=\"(max-width: 585px) 100vw, 585px\" aria-label=\"Kayaks en el Pont de n&#039;Ali durante la puesta de sol. Menorca\" data-ratio=\"1.6891891891892\"><\/span><\/a>\n\t\t\n\t\t\n\t\t\t\t\n\t<\/div>\n\t\t\n\t\t<div class=\"content-wrap\">\n\t\t\t<div class=\"meta-title\">\n\t\t\n\t\t\t<div class=\"post-meta post-meta-a post-meta-left\"><h2 class=\"is-title post-title-alt\"><a href=\"https:\/\/www.descobreixmenorca.com\/es\/menorca-en-kayak\/cala-galdana-cala-mitjana-en-kayak\/\">Cala Galdana &#8211; Cala Mitjana en kayak, calas v\u00edgenes entre acantilados de piedra caliza<\/a><\/h2><\/div>\t\t\n\t\t<\/div>\n\n\t\t\t\t<div class=\"post-content post-excerpt cf\">\n\t\t\t<p>El litoral de la zona de esta ruta en kayak est\u00e1 formado por los acantilados calc\u00e1reos t\u00edpicos de la costa sur de Menorca, tan s\u00f3lo interrumpidos por playas de arena blanca como cala Mitjana y Trebal\u00fager<\/p>\n\t\t\t\t\n\t\t<\/div><!-- .post-content -->\n\t\t\t\t\n\t\t\t\t\t\n\t\t\t<a href=\"https:\/\/www.descobreixmenorca.com\/es\/menorca-en-kayak\/cala-galdana-cala-mitjana-en-kayak\/\" class=\"read-more-link read-more-btn\">\n\t\t\t\tSeguir llegint\t\t\t<\/a>\n\n\t\t\n\t\t\n\t<\/div>\n\t\t\n<\/article>\n\t\t\t\t\t<\/div>\n\t\t\t\t\t\n\t\t\t\t\t\t\t\t\t\n\t\t\t\t\t\t\n\t\t\t\t\t\n\t\t\t\t\t\t\n\t\t\t\t\t\t\n\t\t\t\t\t\t\t\t\n\t\t\t\t\t<div class=\"column col-6\">\t\n\t\t\t\t\t\t\n<article id=\"post-6058\" class=\"grid-post post-6058 page type-page status-publish has-post-thumbnail category-faros tag-ciutadella-es has-excerpt grid-post-c2 grid-post-c grid-post-left\">\n\n\n\t<div class=\"post-thumb\">\n\t\t\n\t\t<a href=\"https:\/\/www.descobreixmenorca.com\/es\/faros-menorca\/faro-de-artrutx\/\" class=\"image-link media-ratio bg-ratio\"style=\"--a-ratio: 1.6891891891892\"><span data-bgsrc=\"https:\/\/www.descobreixmenorca.com\/wp-content\/uploads\/2015\/11\/menorca_far_artrutx_lluc_julia.jpg\" class=\"img bg-cover wp-post-image attachment-large size-large\" role=\"img\" data-bgset=\"https:\/\/www.descobreixmenorca.com\/wp-content\/uploads\/2015\/11\/menorca_far_artrutx_lluc_julia.jpg 750w, https:\/\/www.descobreixmenorca.com\/wp-content\/uploads\/2015\/11\/menorca_far_artrutx_lluc_julia-300x178.jpg 300w\" data-sizes=\"(max-width: 585px) 100vw, 585px\" aria-label=\"Far d&#039;Artrutx. Ciutadella de Menorca\" data-ratio=\"1.6891891891892\"><\/span><\/a>\n\t\t\n\t\t\n\t\t\t\t\n\t<\/div>\n\t\t\n\t\t<div class=\"content-wrap\">\n\t\t\t<div class=\"meta-title\">\n\t\t\n\t\t\t<div class=\"post-meta post-meta-a post-meta-left\"><h2 class=\"is-title post-title-alt\"><a href=\"https:\/\/www.descobreixmenorca.com\/es\/faros-menorca\/faro-de-artrutx\/\">Faro de Artrutx<\/a><\/h2><\/div>\t\t\n\t\t<\/div>\n\n\t\t\t\t<div class=\"post-content post-excerpt cf\">\n\t\t\t<p>El faro de Artrutx se encuentra en el cabo del mismo nombre, en el extremo suroeste de Menorca, a 7 km de Ciutadella. Junto con el faro de Capdepera, en Mallorca, marca los extremos del estrecho entre las dos islas.<\/p>\n\t\t\t\t\n\t\t<\/div><!-- .post-content -->\n\t\t\t\t\n\t\t\t\t\t\n\t\t\t<a href=\"https:\/\/www.descobreixmenorca.com\/es\/faros-menorca\/faro-de-artrutx\/\" class=\"read-more-link read-more-btn\">\n\t\t\t\tSeguir llegint\t\t\t<\/a>\n\n\t\t\n\t\t\n\t<\/div>\n\t\t\n<\/article>\n\t\t\t\t\t<\/div>\n\t\t\t\t\t\n\t\t\t\t\t\t\t\t\t\n\t\t\t\t\t\t\n\t\t\t\t\t\n\t\t\t\t\t\t\n\t\t\t\t\t\t\n\t\t\t\t\t\t\t\t\n\t\t\t\t\t<div class=\"column col-6\">\t\n\t\t\t\t\t\t\n<article id=\"post-6048\" class=\"grid-post post-6048 page type-page status-publish has-post-thumbnail category-faros tag-ciutadella-es has-excerpt grid-post-c2 grid-post-c grid-post-left\">\n\n\n\t<div class=\"post-thumb\">\n\t\t\n\t\t<a href=\"https:\/\/www.descobreixmenorca.com\/es\/faros-menorca\/faro-de-sa-farola\/\" class=\"image-link media-ratio bg-ratio\"style=\"--a-ratio: 2.1676300578035\"><span data-bgsrc=\"https:\/\/www.descobreixmenorca.com\/wp-content\/uploads\/2015\/11\/menorca_far_sa_farola_apb.jpg\" class=\"img bg-cover wp-post-image attachment-large size-large\" role=\"img\" data-bgset=\"https:\/\/www.descobreixmenorca.com\/wp-content\/uploads\/2015\/11\/menorca_far_sa_farola_apb.jpg 750w, https:\/\/www.descobreixmenorca.com\/wp-content\/uploads\/2015\/11\/menorca_far_sa_farola_apb-300x138.jpg 300w\" data-sizes=\"(max-width: 585px) 100vw, 585px\" aria-label=\"far de Sa Farola\" data-ratio=\"2.1676300578035\"><\/span><\/a>\n\t\t\n\t\t\n\t\t\t\t\n\t<\/div>\n\t\t\n\t\t<div class=\"content-wrap\">\n\t\t\t<div class=\"meta-title\">\n\t\t\n\t\t\t<div class=\"post-meta post-meta-a post-meta-left\"><h2 class=\"is-title post-title-alt\"><a href=\"https:\/\/www.descobreixmenorca.com\/es\/faros-menorca\/faro-de-sa-farola\/\">Faro de Sa Farola<\/a><\/h2><\/div>\t\t\n\t\t<\/div>\n\n\t\t\t\t<div class=\"post-content post-excerpt cf\">\n\t\t\t<p>Tambi\u00e9n llamado faro de Ciutadella, se encuentra en la punta norte de la bocana del puerto de esta poblaci\u00f3n. Tiene una torre de 13 m con franjas verticales negras y blancas.<\/p>\n\t\t\t\t\n\t\t<\/div><!-- .post-content -->\n\t\t\t\t\n\t\t\t\t\t\n\t\t\t<a href=\"https:\/\/www.descobreixmenorca.com\/es\/faros-menorca\/faro-de-sa-farola\/\" class=\"read-more-link read-more-btn\">\n\t\t\t\tSeguir llegint\t\t\t<\/a>\n\n\t\t\n\t\t\n\t<\/div>\n\t\t\n<\/article>\n\t\t\t\t\t<\/div>\n\t\t\t\t\t\n\t\t\t\t\t\t\t\t\t\n\t\t\t\t\t\t\n\t\t\t\t\t\n\t\t\t\t\t\t\n\t\t\t\t\t\t\n\t\t\t\t\t\t\t\t\n\t\t\t\t\t<div class=\"column col-6\">\t\n\t\t\t\t\t\t\n<article id=\"post-6074\" class=\"grid-post post-6074 page type-page status-publish has-post-thumbnail category-faros tag-es-castell-es has-excerpt grid-post-c2 grid-post-c grid-post-left\">\n\n\n\t<div class=\"post-thumb\">\n\t\t\n\t\t<a href=\"https:\/\/www.descobreixmenorca.com\/es\/faros-menorca\/faro-de-san-carlos\/\" class=\"image-link media-ratio bg-ratio\"style=\"--a-ratio: 1.6891891891892\"><span data-bgsrc=\"https:\/\/www.descobreixmenorca.com\/wp-content\/uploads\/2015\/11\/menorca_far_de_sant_carles_lluc_julia.jpg\" class=\"img bg-cover wp-post-image attachment-large size-large\" role=\"img\" data-bgset=\"https:\/\/www.descobreixmenorca.com\/wp-content\/uploads\/2015\/11\/menorca_far_de_sant_carles_lluc_julia.jpg 750w, https:\/\/www.descobreixmenorca.com\/wp-content\/uploads\/2015\/11\/menorca_far_de_sant_carles_lluc_julia-300x178.jpg 300w\" data-sizes=\"(max-width: 585px) 100vw, 585px\" aria-label=\"Far de Sant Carles amb la Mola de ma\u00f3 al fons. Menorca\" data-ratio=\"1.6891891891892\"><\/span><\/a>\n\t\t\n\t\t\n\t\t\t\t\n\t<\/div>\n\t\t\n\t\t<div class=\"content-wrap\">\n\t\t\t<div class=\"meta-title\">\n\t\t\n\t\t\t<div class=\"post-meta post-meta-a post-meta-left\"><h2 class=\"is-title post-title-alt\"><a href=\"https:\/\/www.descobreixmenorca.com\/es\/faros-menorca\/faro-de-san-carlos\/\">Faro de San Carlos<\/a><\/h2><\/div>\t\t\n\t\t<\/div>\n\n\t\t\t\t<div class=\"post-content post-excerpt cf\">\n\t\t\t<p>Est\u00e1 situado en el lado sur de la bocana del puerto de Ma\u00f3, dentro de las instalaciones militares donde se encuentran los restos del castillo de Sant Felip (s. XVI). Es por eso que su acceso est\u00e1 restringido.<\/p>\n\t\t\t\t\n\t\t<\/div><!-- .post-content -->\n\t\t\t\t\n\t\t\t\t\t\n\t\t\t<a href=\"https:\/\/www.descobreixmenorca.com\/es\/faros-menorca\/faro-de-san-carlos\/\" class=\"read-more-link read-more-btn\">\n\t\t\t\tSeguir llegint\t\t\t<\/a>\n\n\t\t\n\t\t\n\t<\/div>\n\t\t\n<\/article>\n\t\t\t\t\t<\/div>\n\t\t\t\t\t\n\t\t\t\t\t\t\t\t\t\n\t\t\t\t\t\t\n\t\t\t\t\n\t\t<\/div>\n\t<\/div>\n\t\n\t\n\t\t\t<\/div>\n\t\n\t<\/section>\n\n[\/vc_column][\/vc_row]<\/p>\n<\/div>","protected":false},"excerpt":{"rendered":"<p>Est\u00e1 situado en el lado sur de la bocana del puerto de Ma\u00f3, dentro de las instalaciones militares donde se encuentran los restos del castillo de Sant Felip (s. XVI). Es por eso que su acceso est\u00e1 restringido.<\/p>\n","protected":false},"author":1,"featured_media":57043,"parent":5995,"menu_order":7,"comment_status":"closed","ping_status":"closed","template":"","meta":{"footnotes":""},"categories":[122],"tags":[112],"class_list":{"0":"post-6074","1":"page","2":"type-page","3":"status-publish","4":"has-post-thumbnail","6":"category-faros","7":"tag-es-castell-es"},"yoast_head":"<!-- This site is optimized with the Yoast SEO plugin v27.0 - https:\/\/yoast.com\/product\/yoast-seo-wordpress\/ -->\n<title>Faro de San Carlos | Faros de Menorca<\/title>\n<meta name=\"description\" content=\"Faro de San Carlos. Faros de Menorca. Como llegar, su historia, su entorno. Los faros de Menorca nos har\u00e1n disfrutar de los paisajes y momentos m\u00e1s m\u00e1gicos\" \/>\n<meta name=\"robots\" content=\"index, follow, max-snippet:-1, max-image-preview:large, max-video-preview:-1\" \/>\n<link rel=\"canonical\" href=\"https:\/\/www.descobreixmenorca.com\/es\/faros-menorca\/faro-de-san-carlos\/\" \/>\n<meta name=\"twitter:label1\" content=\"Tiempo de lectura\" \/>\n\t<meta name=\"twitter:data1\" content=\"5 minutos\" \/>\n<script type=\"application\/ld+json\" class=\"yoast-schema-graph\">{\"@context\":\"https:\/\/schema.org\",\"@graph\":[{\"@type\":\"WebPage\",\"@id\":\"https:\/\/www.descobreixmenorca.com\/es\/faros-menorca\/faro-de-san-carlos\/\",\"url\":\"https:\/\/www.descobreixmenorca.com\/es\/faros-menorca\/faro-de-san-carlos\/\",\"name\":\"Faro de San Carlos | Faros de Menorca\",\"isPartOf\":{\"@id\":\"https:\/\/www.descobreixmenorca.com\/#website\"},\"primaryImageOfPage\":{\"@id\":\"https:\/\/www.descobreixmenorca.com\/es\/faros-menorca\/faro-de-san-carlos\/#primaryimage\"},\"image\":{\"@id\":\"https:\/\/www.descobreixmenorca.com\/es\/faros-menorca\/faro-de-san-carlos\/#primaryimage\"},\"thumbnailUrl\":\"https:\/\/www.descobreixmenorca.com\/wp-content\/uploads\/2015\/11\/menorca_far_de_sant_carles_lluc_julia.jpg\",\"datePublished\":\"2013-06-03T07:38:27+00:00\",\"dateModified\":\"2025-12-14T11:36:41+00:00\",\"description\":\"Faro de San Carlos. Faros de Menorca. Como llegar, su historia, su entorno. Los faros de Menorca nos har\u00e1n disfrutar de los paisajes y momentos m\u00e1s m\u00e1gicos\",\"breadcrumb\":{\"@id\":\"https:\/\/www.descobreixmenorca.com\/es\/faros-menorca\/faro-de-san-carlos\/#breadcrumb\"},\"inLanguage\":\"es\",\"potentialAction\":[{\"@type\":\"ReadAction\",\"target\":[\"https:\/\/www.descobreixmenorca.com\/es\/faros-menorca\/faro-de-san-carlos\/\"]}]},{\"@type\":\"ImageObject\",\"inLanguage\":\"es\",\"@id\":\"https:\/\/www.descobreixmenorca.com\/es\/faros-menorca\/faro-de-san-carlos\/#primaryimage\",\"url\":\"https:\/\/www.descobreixmenorca.com\/wp-content\/uploads\/2015\/11\/menorca_far_de_sant_carles_lluc_julia.jpg\",\"contentUrl\":\"https:\/\/www.descobreixmenorca.com\/wp-content\/uploads\/2015\/11\/menorca_far_de_sant_carles_lluc_julia.jpg\",\"width\":750,\"height\":444,\"caption\":\"Far de Sant Carles amb la Mola de ma\u00f3 al fons. Menorca\"},{\"@type\":\"BreadcrumbList\",\"@id\":\"https:\/\/www.descobreixmenorca.com\/es\/faros-menorca\/faro-de-san-carlos\/#breadcrumb\",\"itemListElement\":[{\"@type\":\"ListItem\",\"position\":1,\"name\":\"Faros de Menorca, 7 edificios singulares con historia\",\"item\":\"https:\/\/www.descobreixmenorca.com\/es\/faros-menorca\/\"},{\"@type\":\"ListItem\",\"position\":2,\"name\":\"Faro de San Carlos\"}]},{\"@type\":\"WebSite\",\"@id\":\"https:\/\/www.descobreixmenorca.com\/#website\",\"url\":\"https:\/\/www.descobreixmenorca.com\/\",\"name\":\"Descobreix Menorca\",\"description\":\"La guia d&#039;una illa de natura i cultura\",\"potentialAction\":[{\"@type\":\"SearchAction\",\"target\":{\"@type\":\"EntryPoint\",\"urlTemplate\":\"https:\/\/www.descobreixmenorca.com\/?s={search_term_string}\"},\"query-input\":{\"@type\":\"PropertyValueSpecification\",\"valueRequired\":true,\"valueName\":\"search_term_string\"}}],\"inLanguage\":\"es\"}]}<\/script>\n<!-- \/ Yoast SEO plugin. -->","yoast_head_json":{"title":"Faro de San Carlos | Faros de Menorca","description":"Faro de San Carlos. Faros de Menorca. Como llegar, su historia, su entorno. Los faros de Menorca nos har\u00e1n disfrutar de los paisajes y momentos m\u00e1s m\u00e1gicos","robots":{"index":"index","follow":"follow","max-snippet":"max-snippet:-1","max-image-preview":"max-image-preview:large","max-video-preview":"max-video-preview:-1"},"canonical":"https:\/\/www.descobreixmenorca.com\/es\/faros-menorca\/faro-de-san-carlos\/","twitter_misc":{"Tiempo de lectura":"5 minutos"},"schema":{"@context":"https:\/\/schema.org","@graph":[{"@type":"WebPage","@id":"https:\/\/www.descobreixmenorca.com\/es\/faros-menorca\/faro-de-san-carlos\/","url":"https:\/\/www.descobreixmenorca.com\/es\/faros-menorca\/faro-de-san-carlos\/","name":"Faro de San Carlos | Faros de Menorca","isPartOf":{"@id":"https:\/\/www.descobreixmenorca.com\/#website"},"primaryImageOfPage":{"@id":"https:\/\/www.descobreixmenorca.com\/es\/faros-menorca\/faro-de-san-carlos\/#primaryimage"},"image":{"@id":"https:\/\/www.descobreixmenorca.com\/es\/faros-menorca\/faro-de-san-carlos\/#primaryimage"},"thumbnailUrl":"https:\/\/www.descobreixmenorca.com\/wp-content\/uploads\/2015\/11\/menorca_far_de_sant_carles_lluc_julia.jpg","datePublished":"2013-06-03T07:38:27+00:00","dateModified":"2025-12-14T11:36:41+00:00","description":"Faro de San Carlos. Faros de Menorca. Como llegar, su historia, su entorno. Los faros de Menorca nos har\u00e1n disfrutar de los paisajes y momentos m\u00e1s m\u00e1gicos","breadcrumb":{"@id":"https:\/\/www.descobreixmenorca.com\/es\/faros-menorca\/faro-de-san-carlos\/#breadcrumb"},"inLanguage":"es","potentialAction":[{"@type":"ReadAction","target":["https:\/\/www.descobreixmenorca.com\/es\/faros-menorca\/faro-de-san-carlos\/"]}]},{"@type":"ImageObject","inLanguage":"es","@id":"https:\/\/www.descobreixmenorca.com\/es\/faros-menorca\/faro-de-san-carlos\/#primaryimage","url":"https:\/\/www.descobreixmenorca.com\/wp-content\/uploads\/2015\/11\/menorca_far_de_sant_carles_lluc_julia.jpg","contentUrl":"https:\/\/www.descobreixmenorca.com\/wp-content\/uploads\/2015\/11\/menorca_far_de_sant_carles_lluc_julia.jpg","width":750,"height":444,"caption":"Far de Sant Carles amb la Mola de ma\u00f3 al fons. Menorca"},{"@type":"BreadcrumbList","@id":"https:\/\/www.descobreixmenorca.com\/es\/faros-menorca\/faro-de-san-carlos\/#breadcrumb","itemListElement":[{"@type":"ListItem","position":1,"name":"Faros de Menorca, 7 edificios singulares con historia","item":"https:\/\/www.descobreixmenorca.com\/es\/faros-menorca\/"},{"@type":"ListItem","position":2,"name":"Faro de San Carlos"}]},{"@type":"WebSite","@id":"https:\/\/www.descobreixmenorca.com\/#website","url":"https:\/\/www.descobreixmenorca.com\/","name":"Descobreix Menorca","description":"La guia d&#039;una illa de natura i cultura","potentialAction":[{"@type":"SearchAction","target":{"@type":"EntryPoint","urlTemplate":"https:\/\/www.descobreixmenorca.com\/?s={search_term_string}"},"query-input":{"@type":"PropertyValueSpecification","valueRequired":true,"valueName":"search_term_string"}}],"inLanguage":"es"}]}},"_links":{"self":[{"href":"https:\/\/www.descobreixmenorca.com\/es\/wp-json\/wp\/v2\/pages\/6074","targetHints":{"allow":["GET"]}}],"collection":[{"href":"https:\/\/www.descobreixmenorca.com\/es\/wp-json\/wp\/v2\/pages"}],"about":[{"href":"https:\/\/www.descobreixmenorca.com\/es\/wp-json\/wp\/v2\/types\/page"}],"author":[{"embeddable":true,"href":"https:\/\/www.descobreixmenorca.com\/es\/wp-json\/wp\/v2\/users\/1"}],"replies":[{"embeddable":true,"href":"https:\/\/www.descobreixmenorca.com\/es\/wp-json\/wp\/v2\/comments?post=6074"}],"version-history":[{"count":4,"href":"https:\/\/www.descobreixmenorca.com\/es\/wp-json\/wp\/v2\/pages\/6074\/revisions"}],"predecessor-version":[{"id":50522,"href":"https:\/\/www.descobreixmenorca.com\/es\/wp-json\/wp\/v2\/pages\/6074\/revisions\/50522"}],"up":[{"embeddable":true,"href":"https:\/\/www.descobreixmenorca.com\/es\/wp-json\/wp\/v2\/pages\/5995"}],"wp:featuredmedia":[{"embeddable":true,"href":"https:\/\/www.descobreixmenorca.com\/es\/wp-json\/wp\/v2\/media\/57043"}],"wp:attachment":[{"href":"https:\/\/www.descobreixmenorca.com\/es\/wp-json\/wp\/v2\/media?parent=6074"}],"wp:term":[{"taxonomy":"category","embeddable":true,"href":"https:\/\/www.descobreixmenorca.com\/es\/wp-json\/wp\/v2\/categories?post=6074"},{"taxonomy":"post_tag","embeddable":true,"href":"https:\/\/www.descobreixmenorca.com\/es\/wp-json\/wp\/v2\/tags?post=6074"}],"curies":[{"name":"wp","href":"https:\/\/api.w.org\/{rel}","templated":true}]}}