{"id":29278,"date":"2015-08-14T21:53:21","date_gmt":"2015-08-14T19:53:21","guid":{"rendered":"https:\/\/www.descobreixmenorca.com\/es\/?page_id=29278"},"modified":"2026-01-06T18:19:35","modified_gmt":"2026-01-06T17:19:35","slug":"monumentos-de-menorca-iluminados","status":"publish","type":"page","link":"https:\/\/www.descobreixmenorca.com\/es\/monumentos-de-menorca-iluminados\/","title":{"rendered":"Monumentos de Menorca iluminados"},"content":{"rendered":"<div class=\"wpb-content-wrapper\"><p>[vc_row][vc_column][vc_column_text]<\/p>\n<h1><strong>10 monumentos de Menorca\u00a0iluminados para\u00a0disfrutar de los mejores\u00a0atardeceres del verano<\/strong><\/h1>\n<h2>Una buena ocasi\u00f3n para disfrutar de las noches de verano en Menorca es acercarnos a uno de sus monumentos iluminados.\u00a0Ya sean torres de defensa del siglo XVIII, restos megal\u00edticos de la \u00e9poca talay\u00f3tica o la misma catedral de Ciutadella, observar\u00e1s estos monumentos bajo una perspectiva diferente que te permitir\u00e1 pasar de una manera original los atardeceres de verano en la isla.<\/h2>\n<figure id=\"attachment_29248\" aria-describedby=\"caption-attachment-29248\" style=\"width: 700px\" class=\"wp-caption aligncenter\"><img loading=\"lazy\" decoding=\"async\" class=\"wp-image-29248 size-full\" title=\"Castillo de Sant Nicolau. Ciutadella de Menorca\" src=\"https:\/\/www.descobreixmenorca.com\/wp-content\/uploads\/2015\/08\/menorca_castell_sant_nicolau_fundacio_desti.jpg\" alt=\"Castillo de Sant Nicolau (Ciutadella)\" width=\"700\" height=\"465\" srcset=\"https:\/\/www.descobreixmenorca.com\/wp-content\/uploads\/2015\/08\/menorca_castell_sant_nicolau_fundacio_desti.jpg 700w, https:\/\/www.descobreixmenorca.com\/wp-content\/uploads\/2015\/08\/menorca_castell_sant_nicolau_fundacio_desti-300x199.jpg 300w\" sizes=\"auto, (max-width: 700px) 100vw, 700px\" \/><figcaption id=\"caption-attachment-29248\" class=\"wp-caption-text\">Castillo de Sant Nicolau (Ciutadella). \u00a9Fundaci\u00f3 Desti<\/figcaption><\/figure>\n<h3><span style=\"color: #ff6600;\"><strong>Castell de Sant Nicolau (Ciutadella)<\/strong><\/span><\/h3>\n<p>Torre de planta octogonal, construida por los espa\u00f1oles durante el s.\u00a0XVII, antes de las\u00a0<a href=\"https:\/\/www.descobreixmenorca.com\/es\/menorca-britanica-2\/\">dominaciones brit\u00e1nicas<\/a>\u00a0.\u00a0Tiene un foso de 8 m de ancho y dos de fondo, con un puente de acceso a la entrada.\u00a0Una ubicaci\u00f3n ideal para disfrutar de una de las mejores puestas de sol de Menorca sin salir de <strong>Ciutadella<\/strong>, justo en la bocana del puerto viejo de la poblaci\u00f3n y acompa\u00f1ado, al otro lado del puerto, por la luz del\u00a0<a href=\"https:\/\/www.descobreixmenorca.com\/es\/faros-menorca\/faro-de-sa-farola\/\">faro de Sa Farola<\/a>.<\/p>\n<hr \/>\n<figure id=\"attachment_29198\" aria-describedby=\"caption-attachment-29198\" style=\"width: 700px\" class=\"wp-caption aligncenter\"><img loading=\"lazy\" decoding=\"async\" class=\"wp-image-29198 size-full\" title=\"Torre de Fornells. Menorca.\" src=\"https:\/\/www.descobreixmenorca.com\/wp-content\/uploads\/2015\/08\/menorca_torre_de_fornells_lluc_julia.jpg\" alt=\"Torre de Fornells\" width=\"700\" height=\"369\" \/><figcaption id=\"caption-attachment-29198\" class=\"wp-caption-text\">Torre de Fornells y cabo de Cavalleria, al fondo.<\/figcaption><\/figure>\n<h3><span style=\"color: #ff6600;\"><strong>Torre de Fornells<\/strong><\/span><\/h3>\n<p>Torre de defensa costera construida por los ingleses entre 1801 y 1802 con el objetivo de vigilar la entrada al\u00a0<strong>puerto de Fornells,<\/strong>\u00a0impedir desembarcos enemigos y proteger el\u00a0<strong>castillo de Sant Antoni,<\/strong>\u00a0situado muy cerca, en la misma\u00a0<strong>bah\u00eda de Fornells.<\/strong>\u00a0La torre est\u00e1 abierta al p\u00fablico durante la temporada tur\u00edstica. Su ubicaci\u00f3n la hace\u00a0buen lugar para ver la puesta de sol, en este caso, con vistas al\u00a0<a href=\"https:\/\/www.descobreixmenorca.com\/es\/faros-menorca\/faro-de-cavalleria\/\">cabo\u00a0de Cavalleria\u00a0y su faro<\/a>.\u00a0<a href=\"https:\/\/www.descobreixmenorca.com\/es\/menorca-britanica-2\/torre-de-fornells\/\">M\u00e1s informaci\u00f3n de la torre de Fornells<\/a>.<\/p>\n<hr \/>\n<figure id=\"attachment_29251\" aria-describedby=\"caption-attachment-29251\" style=\"width: 700px\" class=\"wp-caption aligncenter\"><img loading=\"lazy\" decoding=\"async\" class=\"wp-image-29251 size-full\" title=\"Talaiot de Torell\u00f3. Menorca talai\u00f2tica.\" src=\"https:\/\/www.descobreixmenorca.com\/wp-content\/uploads\/2015\/08\/menorca_talaiot_torello_nit_lluc_julia.jpg\" alt=\"Talaiot de Torell\u00f3. Menorca\" width=\"700\" height=\"466\" srcset=\"https:\/\/www.descobreixmenorca.com\/wp-content\/uploads\/2015\/08\/menorca_talaiot_torello_nit_lluc_julia.jpg 700w, https:\/\/www.descobreixmenorca.com\/wp-content\/uploads\/2015\/08\/menorca_talaiot_torello_nit_lluc_julia-300x200.jpg 300w\" sizes=\"auto, (max-width: 700px) 100vw, 700px\" \/><figcaption id=\"caption-attachment-29251\" class=\"wp-caption-text\">Talaiot de Torell\u00f3<\/figcaption><\/figure>\n<h3><span style=\"color: #ff6600;\"><strong>Talayote de Torell\u00f3 (Ma\u00f3)<\/strong><\/span><\/h3>\n<p>Uno de los talayotes m\u00e1s grande y mejor conservado de Menorca que conserva un portal con dintel en su parte superior.\u00a0Se encuentra muy cerca la poblaci\u00f3n de <strong>Sant\u00a0Climent<\/strong>\u00a0y es uno de los\u00a0<a href=\"https:\/\/www.descobreixmenorca.com\/es\/cultura-talayotica\/monumentos-menorca-talayotica-patrimonio-mundial\/\">32 yacimientos arqueol\u00f3gicos de la Menorca Talay\u00f3tica candidatos a entrar en la Lista de patrimonio mundial de la humanidad de la UNESCO<\/a>.<\/p>\n<hr \/>\n<figure id=\"attachment_29255\" aria-describedby=\"caption-attachment-29255\" style=\"width: 699px\" class=\"wp-caption aligncenter\"><img loading=\"lazy\" decoding=\"async\" class=\"wp-image-29255 size-full\" title=\"Torre des Castellar. Cala Santandria. Menorca.\" src=\"https:\/\/www.descobreixmenorca.com\/wp-content\/uploads\/2015\/08\/menorca_torre_des_castellar_ciutadella_lluc_julia.jpg\" alt=\"Torre des Castellar. Ciutadella. Menorca.\" width=\"699\" height=\"465\" srcset=\"https:\/\/www.descobreixmenorca.com\/wp-content\/uploads\/2015\/08\/menorca_torre_des_castellar_ciutadella_lluc_julia.jpg 699w, https:\/\/www.descobreixmenorca.com\/wp-content\/uploads\/2015\/08\/menorca_torre_des_castellar_ciutadella_lluc_julia-300x200.jpg 300w\" sizes=\"auto, (max-width: 699px) 100vw, 699px\" \/><figcaption id=\"caption-attachment-29255\" class=\"wp-caption-text\">Torre des Castellar. Cala Santandria. Ciutadella de Menorca.<\/figcaption><\/figure>\n<h3><span style=\"color: #ff6600;\"><strong>Torre des Castellar (Ciutadella)<\/strong><\/span><\/h3>\n<p>Torre de defensa construida por los brit\u00e1nicos entre 1799 y 1802 con la intenci\u00f3n de defender la zona de poniente de Menorca como apoyo al\u00a0<strong>castillo de Sant Nicolau<\/strong>\u00a0en caso de un posible desembarco enemigo.\u00a0De planta circular y cuerpo troncoc\u00f3nico, est\u00e1 rodeada por un foso de unos seis metros de anchura.\u00a0La encontrar\u00e1s en las formaciones rocosas que cierran la ensenada de\u00a0<strong>cala Santandria,<\/strong>\u00a0una de las calas de la costa del sur de\u00a0<strong>Ciutadella de Menorca.<\/strong><\/p>\n<hr \/>\n<figure id=\"attachment_29253\" aria-describedby=\"caption-attachment-29253\" style=\"width: 699px\" class=\"wp-caption aligncenter\"><img loading=\"lazy\" decoding=\"async\" class=\"wp-image-29253 size-full\" title=\"Torre d'Alcalfar. Menorca\" src=\"https:\/\/www.descobreixmenorca.com\/wp-content\/uploads\/2015\/08\/menorca_torre_alcalfar_lluc_julia.jpg\" alt=\"Torre d'Alcalfar. Sant Llu\u00eds. Menorca\" width=\"699\" height=\"465\" srcset=\"https:\/\/www.descobreixmenorca.com\/wp-content\/uploads\/2015\/08\/menorca_torre_alcalfar_lluc_julia.jpg 699w, https:\/\/www.descobreixmenorca.com\/wp-content\/uploads\/2015\/08\/menorca_torre_alcalfar_lluc_julia-300x200.jpg 300w\" sizes=\"auto, (max-width: 699px) 100vw, 699px\" \/><figcaption id=\"caption-attachment-29253\" class=\"wp-caption-text\">Torre d&#8217;Alcalfar. Sant Llu\u00eds.<\/figcaption><\/figure>\n<h3><span style=\"color: #ff6600;\"><strong>Torre de\u00a0Alcalfar (Sant Llu\u00eds)<\/strong><\/span><\/h3>\n<p>Entre la\u00a0<a href=\"https:\/\/www.descobreixmenorca.com\/es\/playas-de-menorca\/playa-de-punta-prima\/\">playa de punta Prima<\/a>\u00a0y el peque\u00f1o n\u00facleo urbano de <strong>Alcalfar<\/strong>, encontrar\u00e1s esta torre de defensa del mismo nombre.\u00a0Fue construida por los espa\u00f1oles tras su conquista del a\u00f1o 1782. Est\u00e1 situada arriba de unos preciosos acantilados en vistas a\u00a0<a href=\"https:\/\/www.descobreixmenorca.com\/es\/faros-menorca\/faro-de-la-isla-del-aire\/\">la isla del Aire, con su faro imponente<\/a>.\u00a0Se encuentra dentro del recorrido de la etapa\u00a0<a href=\"https:\/\/www.descobreixmenorca.com\/es\/cami-de-cavalls-2\/punta-prima-cala-sant-esteve\/\">Punta Prima &#8211; Cala Sant Esteve<\/a>\u00a0del\u00a0<a href=\"https:\/\/www.descobreixmenorca.com\/es\/cami-de-cavalls-2\/\">Cam\u00ed de Cavalls<\/a>\u00a0, la etapa 19 del sendero que da la vuelta a Menorca.<span style=\"color: #ff6600;\"><strong><br \/>\n<\/strong><\/span><\/p>\n<hr \/>\n<figure id=\"attachment_29252\" aria-describedby=\"caption-attachment-29252\" style=\"width: 700px\" class=\"wp-caption aligncenter\"><img loading=\"lazy\" decoding=\"async\" class=\"wp-image-29252 size-full\" title=\"Talayote de Trebal\u00fager. Menorca talay\u00f3tica.\" src=\"https:\/\/www.descobreixmenorca.com\/wp-content\/uploads\/2015\/08\/menorca_talaiot_trebaluger_nit_lluc_julia.jpg\" alt=\"Talayote de Trebal\u00fager. Menorca.\" width=\"700\" height=\"466\" srcset=\"https:\/\/www.descobreixmenorca.com\/wp-content\/uploads\/2015\/08\/menorca_talaiot_trebaluger_nit_lluc_julia.jpg 700w, https:\/\/www.descobreixmenorca.com\/wp-content\/uploads\/2015\/08\/menorca_talaiot_trebaluger_nit_lluc_julia-300x200.jpg 300w\" sizes=\"auto, (max-width: 700px) 100vw, 700px\" \/><figcaption id=\"caption-attachment-29252\" class=\"wp-caption-text\">Talayote de Trebal\u00fager (Es Castell)<\/figcaption><\/figure>\n<h3><span style=\"color: #ff6600;\"><strong>Talayote de Trebal\u00fager (Es Castell)<\/strong><\/span><\/h3>\n<p>Asentamiento formado por un monumento en forma de torre de gran tama\u00f1o de planta el\u00edptica ubicado sobre un saliente rocoso.\u00a0Un lugar m\u00e1gico y poco conocido, ideal para ver salir la luna llena.\u00a0Es uno de los\u00a0yacimientos arqueol\u00f3gicos de la <a href=\"https:\/\/www.descobreixmenorca.com\/es\/cultura-talayotica\/\">Menorca Talay\u00f3tica<\/a> candidato ser patrimonio mundial de la humanidad de la UNESCO.<span style=\"color: #ff6600;\"><strong><br \/>\n<\/strong><\/span><\/p>\n<hr \/>\n<figure id=\"attachment_29194\" aria-describedby=\"caption-attachment-29194\" style=\"width: 700px\" class=\"wp-caption aligncenter\"><img loading=\"lazy\" decoding=\"async\" class=\"wp-image-29194 size-full\" title=\"Isla del Rey. Ma\u00f3.\" src=\"https:\/\/www.descobreixmenorca.com\/wp-content\/uploads\/2015\/08\/menorca_illa_del_rei_nit_lluc_julia.jpg\" alt=\"Hospital militar de la isla del Rey.\" width=\"700\" height=\"413\" \/><figcaption id=\"caption-attachment-29194\" class=\"wp-caption-text\">Hospital militar de la isla del Rey (puerto de Ma\u00f3)<\/figcaption><\/figure>\n<h3><span style=\"color: #ff6600;\"><strong>Hospital militar de la isla del Rey (puerto de Ma\u00f3)<\/strong><\/span><\/h3>\n<p>El antiguo hospital militar construido por los ingleses durante sus dominaciones est\u00e1 ubicado en la <strong>isla del Rey<\/strong>, en el centro del <strong>puerto de Ma\u00f3<\/strong>, entre las poblaciones de <a href=\"https:\/\/www.descobreixmenorca.com\/es\/pueblos-de-menorca\/mahon\/\"><strong>Ma\u00f3<\/strong><\/a>\u00a0y <strong>Es Castell<\/strong>.\u00a0Este edificio fue la sede del antiguo hospital militar de Menorca desde el siglo XVIII hasta los a\u00f1os sesenta del siglo XX.\u00a0Dar\u00e1 un toque de luz a tus paseos por el muelle de levante del <strong>puerto de Ma\u00f3<\/strong>\u00a0o por el paseo mar\u00edtimo de la ciudad, desde donde tambi\u00e9n podr\u00e1 ver salir la luna las noches de luna llena.\u00a0<a href=\"https:\/\/www.descobreixmenorca.com\/es\/menorca-britanica-2\/isla-del-rei\/\">M\u00e1s informaci\u00f3n del hospital militar y la\u00a0 isla del Rey<\/a><span style=\"color: #ff6600;\"><strong><br \/>\n<\/strong><\/span><\/p>\n<hr \/>\n<figure id=\"attachment_29256\" aria-describedby=\"caption-attachment-29256\" style=\"width: 700px\" class=\"wp-caption aligncenter\"><img loading=\"lazy\" decoding=\"async\" class=\"wp-image-29256 size-full\" title=\"Talayote de Trepuc\u00f3. Menorca talay\u00f3tica\" src=\"https:\/\/www.descobreixmenorca.com\/wp-content\/uploads\/2015\/08\/menorca_trepuco_nit_lluc_julia.jpg\" alt=\"Talayote de Trepuc\u00f3. Menorca.\" width=\"700\" height=\"466\" srcset=\"https:\/\/www.descobreixmenorca.com\/wp-content\/uploads\/2015\/08\/menorca_trepuco_nit_lluc_julia.jpg 700w, https:\/\/www.descobreixmenorca.com\/wp-content\/uploads\/2015\/08\/menorca_trepuco_nit_lluc_julia-300x200.jpg 300w\" sizes=\"auto, (max-width: 700px) 100vw, 700px\" \/><figcaption id=\"caption-attachment-29256\" class=\"wp-caption-text\">Talayote de Trepuc\u00f3. Ma\u00f3.<\/figcaption><\/figure>\n<p><span style=\"color: #ff6600;\"><strong>Talayote de Trepuc\u00f3 (Ma\u00f3)<\/strong><\/span><\/p>\n<p>Lo encontrar\u00e1s dentro de los yacimientos del <strong>poblado talay\u00f3tico de Trepuc\u00f3<\/strong>, muy cerca del n\u00facleo urbano de la ciudad de <a href=\"https:\/\/www.descobreixmenorca.com\/es\/pueblos-de-menorca\/mahon\/\"><strong>Ma\u00f3<\/strong><\/a>.\u00a0Es uno de los poblados talay\u00f3ticos m\u00e1s grandes de Menorca y es de acceso libre y gratuito. Tambi\u00e9n se encuentra dentro de la lista de los<a href=\"https:\/\/www.descobreixmenorca.com\/es\/cultura-talayotica\/monumentos-menorca-talayotica-patrimonio-mundial\/\"> yacimientos arqueol\u00f3gicos de la Menorca Talay\u00f3tica declarados patrimonio mundial de la humanidad<\/a>.<span style=\"color: #ff6600;\"><strong><br \/>\n<\/strong><\/span><\/p>\n<hr \/>\n<figure id=\"attachment_29249\" aria-describedby=\"caption-attachment-29249\" style=\"width: 700px\" class=\"wp-caption aligncenter\"><img loading=\"lazy\" decoding=\"async\" class=\"wp-image-29249 size-full\" title=\"Catedral de Menorca. Ciutadella.\" src=\"https:\/\/www.descobreixmenorca.com\/wp-content\/uploads\/2015\/08\/menorca_catedral_de_menorca_ciutadella_gemma_andreu.jpg\" alt=\"Catedral de Menorca. Ciutadella.\" width=\"700\" height=\"466\" srcset=\"https:\/\/www.descobreixmenorca.com\/wp-content\/uploads\/2015\/08\/menorca_catedral_de_menorca_ciutadella_gemma_andreu.jpg 700w, https:\/\/www.descobreixmenorca.com\/wp-content\/uploads\/2015\/08\/menorca_catedral_de_menorca_ciutadella_gemma_andreu-300x200.jpg 300w\" sizes=\"auto, (max-width: 700px) 100vw, 700px\" \/><figcaption id=\"caption-attachment-29249\" class=\"wp-caption-text\">Catedral de Menorca \u00a9Gemma Andreu. Diari menorca<\/figcaption><\/figure>\n<h3><span style=\"color: #ff6600;\"><strong>Catedral de Menorca (Ciutadella)<\/strong><\/span><\/h3>\n<p>La\u00a0<strong>catedral de Santa Mar\u00eda de Ciutadella<\/strong>\u00a0se encuentra en el centro y el punto m\u00e1s alto de la ciudad y es la sede de la di\u00f3cesis de Menorca.\u00a0Se trata de un templo de estilo g\u00f3tico construido entre los siglos XIII y XIV por orden de Alfonso III de Arag\u00f3n tras la conquista de Menorca a los musulmanes, en 1287. Pasear por el casco antiguo de <strong>Ciutadella de Menorca<\/strong>, totalmente cerrado al tr\u00e1fico, es un aut\u00e9ntico placer.<\/p>\n<hr \/>\n<figure id=\"attachment_29247\" aria-describedby=\"caption-attachment-29247\" style=\"width: 699px\" class=\"wp-caption aligncenter\"><img loading=\"lazy\" decoding=\"async\" class=\"wp-image-29247 size-full\" title=\"Taula de Binissafullet. Menorca.\" src=\"https:\/\/www.descobreixmenorca.com\/wp-content\/uploads\/2015\/08\/menorca_binissafullet_nit_lluc_julia.jpg\" alt=\"Taula de Binissafullet. Menorca talay\u00f3tica.\" width=\"699\" height=\"465\" srcset=\"https:\/\/www.descobreixmenorca.com\/wp-content\/uploads\/2015\/08\/menorca_binissafullet_nit_lluc_julia.jpg 699w, https:\/\/www.descobreixmenorca.com\/wp-content\/uploads\/2015\/08\/menorca_binissafullet_nit_lluc_julia-300x200.jpg 300w\" sizes=\"auto, (max-width: 699px) 100vw, 699px\" \/><figcaption id=\"caption-attachment-29247\" class=\"wp-caption-text\">Taula de Binissafullet. Sant Llu\u00eds.<\/figcaption><\/figure>\n<h3><strong><span style=\"color: #ff6600;\">Taula de Binissafullet (Sant Llu\u00eds)<\/span><\/strong><\/h3>\n<p>La \u00fanica <em>taula<\/em> de Menorca que encontrar\u00e1s iluminada por las noches de verano.\u00a0El <strong>poblado de Binissafullet<\/strong> se encuentra junto a la carretera entre <strong>Sant Llu\u00eds<\/strong> y <strong>Binissaf\u00faller<\/strong>.<\/p>\n<h2><strong>Mapa de monumentos de Menorca iluminados<\/strong><\/h2>\n<p><iframe loading=\"lazy\" src=\"https:\/\/www.google.com\/maps\/d\/u\/2\/embed?mid=z3jrcdjw8Cds.kN5dlGLJ4S9E\" width=\"750\" height=\"500\"><\/iframe><\/p>\n<hr \/>\n<p>[\/vc_column_text][\/vc_column][\/vc_row][vc_row][vc_column][vc_column_text single_style=\u00bb\u00bb css=\u00bb\u00bb]<\/p>\n<h2 style=\"text-align: center;\"><strong>EBOOK<\/strong><\/h2>\n<h2 style=\"text-align: center; font-size: 40px; line-height: 1.2;\"><strong><span style=\"color: #ff6600;\">QU\u00c9 HACER 7 D\u00cdAS EN MENORCA<\/span><\/strong><\/h2>\n<h2 style=\"text-align: center; font-size: 25px; line-height: 1.5;\"><strong>Solo, en pareja, con amigos o en familia<\/strong><\/h2>\n<h2 style=\"text-align: center; font-size: 25px;\"><strong><span style=\"color: #008080;\">Primavera | Verano | Oto\u00f1o | Invierno<\/span><\/strong><\/h2>\n<p><img loading=\"lazy\" decoding=\"async\" class=\"aligncenter wp-image-50092 size-full\" src=\"https:\/\/www.descobreixmenorca.com\/wp-content\/uploads\/2025\/12\/ebook_menorca_7_dies_esp_3d.jpg\" alt=\"\" width=\"1000\" height=\"795\" \/><\/p>\n<h2 style=\"text-align: center;\">Encuentra lo imprescindible de Menorca en el ebook Menorca x 7, organizado en 7 zonas con el objetivo de optimizar tu estancia en la isla sin perderte nada, optimizando el tiempo y los desplazamientos de tus vacaciones.<\/h2>\n<h3 style=\"text-align: center;\">28 p\u00e1ginas en formato PDF interactivo con las mejores playas, monumentos, actividades, restaurantes, etc. Una gu\u00eda consultable desde tu ordenador, tablet o m\u00f3vil con una selecci\u00f3n de lo m\u00e1s importante de Menorca donde puedes elegir qu\u00e9 hacer y qu\u00e9 visitar, seg\u00fan tus gustos o necesidades. Un plan de viaje organizado\u00a0seg\u00fan las 7 zonas m\u00e1s interesantes de la isla.<\/h3>\n<p>[\/vc_column_text][vc_btn title=\u00bbQUIERO VER EL EBOOK\u00bb style=\u00bbcustom\u00bb custom_background=\u00bb#00748C\u00bb custom_text=\u00bb#FFFFFF\u00bb align=\u00bbcenter\u00bb css=\u00bb.vc_custom_1765134473268{margin-bottom: 60px !important;background-color: #FFFFFF !important;}\u00bb link=\u00bburl:https%3A%2F%2Fwww.descobreixmenorca.com%2Fes%2Fque-ver-en-menorca-en-7-dias%2F|target:_blank\u00bb][\/vc_column][\/vc_row][vc_row][vc_column]\n\t<section class=\"cf block loop-grid\" data-id=\"p-1\">\n\t\n\t\t\n\t\t\t\t\t\n\t\t\t<div class=\"block-head block-head-b\">\n\t\t\t\t<h4 class=\"title\"><a href=\"https:\/\/www.descobreixmenorca.com\/es\/category\/que-hacer-en-menorca\/\">Qu\u00e9 hacer en Menorca<\/a><\/h4>\n\t\t\t\t\n\t\t\t\t\t\t\t\n\t\t\t<\/div>\t\n\t\t\t\n\t\t\n\t\t\t\t\n\t\t\t\t\n\t\t<div class=\"block-content\">\n\t\t\n\t<div class=\"posts-dynamic posts-container ts-row grid count-0 is-mixed has-grid-2 masonry\">\n\t\t\t\n\t\t\t\t\t\n\t\t\t\t\t\t\n\t\t\t\t\t\t\t\n\t\t\t\t\t\t\t\t\n\t\t\t\t<div class=\"posts-wrap\">\t\t\t\t\n\t\t\t\t\t\t\n\t\t\t\t\t\t\n\t\t\t\t\t\t\t\t\n\t\t\t\t\t<div class=\"column col-6\">\t\n\t\t\t\t\t\t\n<article id=\"post-39082\" class=\"grid-post post-39082 page type-page status-publish has-post-thumbnail category-que-hacer-en-menorca has-excerpt grid-post-c2 grid-post-c grid-post-left\">\n\n\n\t<div class=\"post-thumb\">\n\t\t\n\t\t<a href=\"https:\/\/www.descobreixmenorca.com\/es\/que-hacer-en-menorca\/visitas-guiadas-actividades-en-menorca\/\" class=\"image-link media-ratio bg-ratio\"style=\"--a-ratio: 1.6891891891892\"><span data-bgsrc=\"https:\/\/www.descobreixmenorca.com\/wp-content\/uploads\/2019\/02\/actividades_menorca_nurarq.jpg\" class=\"img bg-cover wp-post-image attachment-large size-large\" role=\"img\" data-bgset=\"https:\/\/www.descobreixmenorca.com\/wp-content\/uploads\/2019\/02\/actividades_menorca_nurarq.jpg 750w, https:\/\/www.descobreixmenorca.com\/wp-content\/uploads\/2019\/02\/actividades_menorca_nurarq-300x178.jpg 300w\" data-sizes=\"(max-width: 585px) 100vw, 585px\" aria-label=\"MEnorca talai\u00f2tica. Activitats\" data-ratio=\"1.6891891891892\"><\/span><\/a>\n\t\t\n\t\t\n\t\t\t\t\n\t<\/div>\n\t\t\n\t\t<div class=\"content-wrap\">\n\t\t\t<div class=\"meta-title\">\n\t\t\n\t\t\t<div class=\"post-meta post-meta-a post-meta-left\"><h2 class=\"is-title post-title-alt\"><a href=\"https:\/\/www.descobreixmenorca.com\/es\/que-hacer-en-menorca\/visitas-guiadas-actividades-en-menorca\/\">Visitas guiadas y actividades en Menorca<\/a><\/h2><\/div>\t\t\n\t\t<\/div>\n\n\t\t\t\t<div class=\"post-content post-excerpt cf\">\n\t\t\t<p>En Menorca no todo es sol y playa. Su patrimonio natural y cultural es inmenso y la actividad que le rodea a veces nos parece inalcanzable. Para ello se organizan multitud de actividades y visitas guiadas ideales para conocerlo de cerca. \u00bfTe apuntas?<\/p>\n\t\t\t\t\n\t\t<\/div><!-- .post-content -->\n\t\t\t\t\n\t\t\t\t\t\n\t\t\t<a href=\"https:\/\/www.descobreixmenorca.com\/es\/que-hacer-en-menorca\/visitas-guiadas-actividades-en-menorca\/\" class=\"read-more-link read-more-btn\">\n\t\t\t\tSeguir llegint\t\t\t<\/a>\n\n\t\t\n\t\t\n\t<\/div>\n\t\t\n<\/article>\n\t\t\t\t\t<\/div>\n\t\t\t\t\t\n\t\t\t\t\t\t\t\t\t\n\t\t\t\t\t\t\n\t\t\t\t\t\n\t\t\t\t\t\t\n\t\t\t\t\t\t\n\t\t\t\t\t\t\t\t\n\t\t\t\t\t<div class=\"column col-6\">\t\n\t\t\t\t\t\t\n<article id=\"post-17747\" class=\"grid-post post-17747 page type-page status-publish has-post-thumbnail category-que-hacer-en-menorca has-excerpt grid-post-c2 grid-post-c grid-post-left\">\n\n\n\t<div class=\"post-thumb\">\n\t\t\n\t\t<a href=\"https:\/\/www.descobreixmenorca.com\/es\/que-hacer-en-menorca\/\" class=\"image-link media-ratio bg-ratio\"style=\"--a-ratio: 1.675\"><span data-bgsrc=\"https:\/\/www.descobreixmenorca.com\/wp-content\/uploads\/2014\/08\/menorca_festes_toni_pons_barro.jpg\" class=\"img bg-cover wp-post-image attachment-large size-large\" role=\"img\" data-bgset=\"https:\/\/www.descobreixmenorca.com\/wp-content\/uploads\/2014\/08\/menorca_festes_toni_pons_barro.jpg 670w, https:\/\/www.descobreixmenorca.com\/wp-content\/uploads\/2014\/08\/menorca_festes_toni_pons_barro-300x179.jpg 300w\" data-sizes=\"(max-width: 585px) 100vw, 585px\" aria-label=\"Caballo en las fiestas patronales de Menorca\" data-ratio=\"1.675\"><\/span><\/a>\n\t\t\n\t\t\n\t\t\t\t\n\t<\/div>\n\t\t\n\t\t<div class=\"content-wrap\">\n\t\t\t<div class=\"meta-title\">\n\t\t\n\t\t\t<div class=\"post-meta post-meta-a post-meta-left\"><h2 class=\"is-title post-title-alt\"><a href=\"https:\/\/www.descobreixmenorca.com\/es\/que-hacer-en-menorca\/\">\u00bfQu\u00e9 hacer en Menorca? 10 propuestas para conocer a fondo la isla<\/a><\/h2><\/div>\t\t\n\t\t<\/div>\n\n\t\t\t\t<div class=\"post-content post-excerpt cf\">\n\t\t\t<p>\u00bfQu\u00e9 hacer en Menorca? Todo lo que no te puedes perder en tus vacaciones en Menorca: playas, fiestas, snorkel, monumentos, Cam\u00ed de Cavalls, los faros, &#8230;<\/p>\n\t\t\t\t\n\t\t<\/div><!-- .post-content -->\n\t\t\t\t\n\t\t\t\t\t\n\t\t\t<a href=\"https:\/\/www.descobreixmenorca.com\/es\/que-hacer-en-menorca\/\" class=\"read-more-link read-more-btn\">\n\t\t\t\tSeguir llegint\t\t\t<\/a>\n\n\t\t\n\t\t\n\t<\/div>\n\t\t\n<\/article>\n\t\t\t\t\t<\/div>\n\t\t\t\t\t\n\t\t\t\t\t\t\t\t\t\n\t\t\t\t\t\t\n\t\t\t\t\t\n\t\t\t\t\t\t\n\t\t\t\t\t\t\n\t\t\t\t\t\t\t\t\n\t\t\t\t\t<div class=\"column col-6\">\t\n\t\t\t\t\t\t\n<article id=\"post-18197\" class=\"grid-post post-18197 page type-page status-publish has-post-thumbnail category-que-hacer-en-menorca has-excerpt grid-post-c2 grid-post-c grid-post-left\">\n\n\n\t<div class=\"post-thumb\">\n\t\t\n\t\t<a href=\"https:\/\/www.descobreixmenorca.com\/es\/que-hacer-en-menorca\/joyas-que-no-te-puedes-perder-de-vacaciones-en-menorca\/\" class=\"image-link media-ratio bg-ratio\"style=\"--a-ratio: 1.6891891891892\"><span data-bgsrc=\"https:\/\/www.descobreixmenorca.com\/wp-content\/uploads\/2016\/02\/menorca_teatre_principal_mao_biel_calafat.jpg\" class=\"img bg-cover wp-post-image attachment-large size-large\" role=\"img\" data-bgset=\"https:\/\/www.descobreixmenorca.com\/wp-content\/uploads\/2016\/02\/menorca_teatre_principal_mao_biel_calafat.jpg 750w, https:\/\/www.descobreixmenorca.com\/wp-content\/uploads\/2016\/02\/menorca_teatre_principal_mao_biel_calafat-300x178.jpg 300w\" data-sizes=\"(max-width: 585px) 100vw, 585px\" aria-label=\"Teatre principal de Ma\u00f3. Menorca\" data-ratio=\"1.6891891891892\"><\/span><\/a>\n\t\t\n\t\t\n\t\t\t\t\n\t<\/div>\n\t\t\n\t\t<div class=\"content-wrap\">\n\t\t\t<div class=\"meta-title\">\n\t\t\n\t\t\t<div class=\"post-meta post-meta-a post-meta-left\"><h2 class=\"is-title post-title-alt\"><a href=\"https:\/\/www.descobreixmenorca.com\/es\/que-hacer-en-menorca\/joyas-que-no-te-puedes-perder-de-vacaciones-en-menorca\/\">Las 12 joyas que no te puedes perder en tus vacaciones en Menorca<\/a><\/h2><\/div>\t\t\n\t\t<\/div>\n\n\t\t\t\t<div class=\"post-content post-excerpt cf\">\n\t\t\t<p>Qu\u00e9 hacer en Menorca? 10 joyas imprescindibles para tus vacaciones en Menorca. Cala Mitjana, la caldereta de langosta, las fiestas de Sant Juan en Ciutadella y 7 m\u00e1s. Desc\u00fabrelas!<\/p>\n\t\t\t\t\n\t\t<\/div><!-- .post-content -->\n\t\t\t\t\n\t\t\t\t\t\n\t\t\t<a href=\"https:\/\/www.descobreixmenorca.com\/es\/que-hacer-en-menorca\/joyas-que-no-te-puedes-perder-de-vacaciones-en-menorca\/\" class=\"read-more-link read-more-btn\">\n\t\t\t\tSeguir llegint\t\t\t<\/a>\n\n\t\t\n\t\t\n\t<\/div>\n\t\t\n<\/article>\n\t\t\t\t\t<\/div>\n\t\t\t\t\t\n\t\t\t\t\t\t\t\t\t\n\t\t\t\t\t\t\n\t\t\t\t\t\n\t\t\t\t\t\t\n\t\t\t\t\t\t\n\t\t\t\t\t\t\t\t\n\t\t\t\t\t<div class=\"column col-6\">\t\n\t\t\t\t\t\t\n<article id=\"post-7807\" class=\"grid-post post-7807 page type-page status-publish has-post-thumbnail category-que-hacer-en-menorca has-excerpt grid-post-c2 grid-post-c grid-post-left\">\n\n\n\t<div class=\"post-thumb\">\n\t\t\n\t\t<a href=\"https:\/\/www.descobreixmenorca.com\/es\/calendario-fiestas-de-menorca\/\" class=\"image-link media-ratio bg-ratio\"style=\"--a-ratio: 1.6891891891892\"><span data-bgsrc=\"https:\/\/www.descobreixmenorca.com\/wp-content\/uploads\/2016\/02\/menorca_festes_sant_joan_toni_pons_barro.jpg\" class=\"img bg-cover wp-post-image attachment-large size-large\" role=\"img\" data-bgset=\"https:\/\/www.descobreixmenorca.com\/wp-content\/uploads\/2016\/02\/menorca_festes_sant_joan_toni_pons_barro.jpg 750w, https:\/\/www.descobreixmenorca.com\/wp-content\/uploads\/2016\/02\/menorca_festes_sant_joan_toni_pons_barro-300x178.jpg 300w\" data-sizes=\"(max-width: 585px) 100vw, 585px\" aria-label=\"Festes de Sant Joan. Ciutadella de Menorca\" data-ratio=\"1.6891891891892\"><\/span><\/a>\n\t\t\n\t\t\n\t\t\t\t\n\t<\/div>\n\t\t\n\t\t<div class=\"content-wrap\">\n\t\t\t<div class=\"meta-title\">\n\t\t\n\t\t\t<div class=\"post-meta post-meta-a post-meta-left\"><h2 class=\"is-title post-title-alt\"><a href=\"https:\/\/www.descobreixmenorca.com\/es\/calendario-fiestas-de-menorca\/\">Calendario de fiestas de Menorca 2026<\/a><\/h2><\/div>\t\t\n\t\t<\/div>\n\n\t\t\t\t<div class=\"post-content post-excerpt cf\">\n\t\t\t<p>Calendario de fiestas patronales de Menorca. Las fiestas de Menorca pueblo a pueblo. De junio a septiembre, desde Sant Joan en Ciutadella hasta las fiestas de Gracia en Ma\u00f3.<\/p>\n\t\t\t\t\n\t\t<\/div><!-- .post-content -->\n\t\t\t\t\n\t\t\t\t\t\n\t\t\t<a href=\"https:\/\/www.descobreixmenorca.com\/es\/calendario-fiestas-de-menorca\/\" class=\"read-more-link read-more-btn\">\n\t\t\t\tSeguir llegint\t\t\t<\/a>\n\n\t\t\n\t\t\n\t<\/div>\n\t\t\n<\/article>\n\t\t\t\t\t<\/div>\n\t\t\t\t\t\n\t\t\t\t\t\t\t\t\t\n\t\t\t\t\t\t\n\t\t\t\t\t\n\t\t\t\t\t\t\n\t\t\t\t\t\t\n\t\t\t\t\t\t\t\t\n\t\t\t\t\t<div class=\"column col-6\">\t\n\t\t\t\t\t\t\n<article id=\"post-8035\" class=\"grid-post post-8035 page type-page status-publish has-post-thumbnail category-que-hacer-en-menorca has-excerpt grid-post-c2 grid-post-c grid-post-left\">\n\n\n\t<div class=\"post-thumb\">\n\t\t\n\t\t<a href=\"https:\/\/www.descobreixmenorca.com\/es\/mercadillos-de-verano\/\" class=\"image-link media-ratio bg-ratio\"style=\"--a-ratio: 1.4940239043825\"><span data-bgsrc=\"https:\/\/www.descobreixmenorca.com\/wp-content\/uploads\/2016\/02\/mercadillos_de_menorca.jpg\" class=\"img bg-cover wp-post-image attachment-large size-large\" role=\"img\" data-bgset=\"https:\/\/www.descobreixmenorca.com\/wp-content\/uploads\/2016\/02\/mercadillos_de_menorca.jpg 750w, https:\/\/www.descobreixmenorca.com\/wp-content\/uploads\/2016\/02\/mercadillos_de_menorca-300x201.jpg 300w\" data-sizes=\"(max-width: 585px) 100vw, 585px\" aria-label=\"Mercadillo de Calesfonts en Es Castell. Menorca\" data-ratio=\"1.4940239043825\"><\/span><\/a>\n\t\t\n\t\t\n\t\t\t\t\n\t<\/div>\n\t\t\n\t\t<div class=\"content-wrap\">\n\t\t\t<div class=\"meta-title\">\n\t\t\n\t\t\t<div class=\"post-meta post-meta-a post-meta-left\"><h2 class=\"is-title post-title-alt\"><a href=\"https:\/\/www.descobreixmenorca.com\/es\/mercadillos-de-verano\/\">Mercadillos de verano en Menorca<\/a><\/h2><\/div>\t\t\n\t\t<\/div>\n\n\t\t\t\t<div class=\"post-content post-excerpt cf\">\n\t\t\t<p>Todos los mercadillos de verano en Menorca. Consulta los pueblos, plazas, calles, dias y horarios. Mercadillos artesanales, mercadillos de noche.<\/p>\n\t\t\t\t\n\t\t<\/div><!-- .post-content -->\n\t\t\t\t\n\t\t\t\t\t\n\t\t\t<a href=\"https:\/\/www.descobreixmenorca.com\/es\/mercadillos-de-verano\/\" class=\"read-more-link read-more-btn\">\n\t\t\t\tSeguir llegint\t\t\t<\/a>\n\n\t\t\n\t\t\n\t<\/div>\n\t\t\n<\/article>\n\t\t\t\t\t<\/div>\n\t\t\t\t\t\n\t\t\t\t\t\t\t\t\t\n\t\t\t\t\t\t\n\t\t\t\t\t\n\t\t\t\t\t\t\n\t\t\t\t\t\t\n\t\t\t\t\t\t\t\t\n\t\t\t\t\t<div class=\"column col-6\">\t\n\t\t\t\t\t\t\n<article id=\"post-29278\" class=\"grid-post post-29278 page type-page status-publish has-post-thumbnail category-que-hacer-en-menorca tag-monumentos has-excerpt grid-post-c2 grid-post-c grid-post-left\">\n\n\n\t<div class=\"post-thumb\">\n\t\t\n\t\t<a href=\"https:\/\/www.descobreixmenorca.com\/es\/monumentos-de-menorca-iluminados\/\" class=\"image-link media-ratio bg-ratio\"style=\"--a-ratio: 1.505376344086\"><span data-bgsrc=\"https:\/\/www.descobreixmenorca.com\/wp-content\/uploads\/2015\/08\/menorca_castell_sant_nicolau_fundacio_desti.jpg\" class=\"img bg-cover wp-post-image attachment-large size-large\" role=\"img\" data-bgset=\"https:\/\/www.descobreixmenorca.com\/wp-content\/uploads\/2015\/08\/menorca_castell_sant_nicolau_fundacio_desti.jpg 700w, https:\/\/www.descobreixmenorca.com\/wp-content\/uploads\/2015\/08\/menorca_castell_sant_nicolau_fundacio_desti-300x199.jpg 300w\" data-sizes=\"(max-width: 585px) 100vw, 585px\" aria-label=\"Posta de Sol al Castell de Sant Nicolau. Menorca\" data-ratio=\"1.505376344086\"><\/span><\/a>\n\t\t\n\t\t\n\t\t\t\t\n\t<\/div>\n\t\t\n\t\t<div class=\"content-wrap\">\n\t\t\t<div class=\"meta-title\">\n\t\t\n\t\t\t<div class=\"post-meta post-meta-a post-meta-left\"><h2 class=\"is-title post-title-alt\"><a href=\"https:\/\/www.descobreixmenorca.com\/es\/monumentos-de-menorca-iluminados\/\">Monumentos de Menorca iluminados<\/a><\/h2><\/div>\t\t\n\t\t<\/div>\n\n\t\t\t\t<div class=\"post-content post-excerpt cf\">\n\t\t\t<p>10 monumentos de Menorca iluminados para disfrutar de los mejores atardeceres del verano. Una buena ocasi\u00f3n para disfrutar de las noches de verano en Menorca es acercarnos a uno de sus monumentos iluminados.<\/p>\n\t\t\t\t\n\t\t<\/div><!-- .post-content -->\n\t\t\t\t\n\t\t\t\t\t\n\t\t\t<a href=\"https:\/\/www.descobreixmenorca.com\/es\/monumentos-de-menorca-iluminados\/\" class=\"read-more-link read-more-btn\">\n\t\t\t\tSeguir llegint\t\t\t<\/a>\n\n\t\t\n\t\t\n\t<\/div>\n\t\t\n<\/article>\n\t\t\t\t\t<\/div>\n\t\t\t\t\t\n\t\t\t\t\t\t\t\t\t\n\t\t\t\t\t\t\n\t\t\t\t\t\n\t\t\t\t\t\t\n\t\t\t\t\t\t\n\t\t\t\t\t\t\t\t\n\t\t\t\t\t<div class=\"column col-6\">\t\n\t\t\t\t\t\t\n<article id=\"post-33903\" class=\"grid-post post-33903 page type-page status-publish has-post-thumbnail category-que-hacer-en-menorca has-excerpt grid-post-c2 grid-post-c grid-post-left\">\n\n\n\t<div class=\"post-thumb\">\n\t\t\n\t\t<a href=\"https:\/\/www.descobreixmenorca.com\/es\/que-ver-en-menorca-en-7-dias\/\" class=\"image-link media-ratio bg-ratio\"style=\"--a-ratio: 1.4150943396226\"><span data-bgsrc=\"https:\/\/www.descobreixmenorca.com\/wp-content\/uploads\/2016\/08\/Menorca-x-7-Descubrir-Menorca-1.jpg\" class=\"img bg-cover wp-post-image attachment-large size-large\" role=\"img\" data-bgset=\"https:\/\/www.descobreixmenorca.com\/wp-content\/uploads\/2016\/08\/Menorca-x-7-Descubrir-Menorca-1.jpg 750w, https:\/\/www.descobreixmenorca.com\/wp-content\/uploads\/2016\/08\/Menorca-x-7-Descubrir-Menorca-1-300x212.jpg 300w\" data-sizes=\"(max-width: 585px) 100vw, 585px\" title=\"Qu\u00e9 ver en Menorca en 7 d\u00edas\" data-ratio=\"1.4150943396226\"><\/span><\/a>\n\t\t\n\t\t\n\t\t\t\t\n\t<\/div>\n\t\t\n\t\t<div class=\"content-wrap\">\n\t\t\t<div class=\"meta-title\">\n\t\t\n\t\t\t<div class=\"post-meta post-meta-a post-meta-left\"><h2 class=\"is-title post-title-alt\"><a href=\"https:\/\/www.descobreixmenorca.com\/es\/que-ver-en-menorca-en-7-dias\/\">Qu\u00e9 ver en Menorca en 7 d\u00edas<\/a><\/h2><\/div>\t\t\n\t\t<\/div>\n\n\t\t\t\t<div class=\"post-content post-excerpt cf\">\n\t\t\t<p>\u00bfQue ver en Menorca en 7 d\u00edas? Solo, en pareja, con amigos o en familia. Primavera, verano, oto\u00f1o o invierno. Una gu\u00eda en formato PDF con el plan que necesitas con m\u00e1s de 50 propuestas.<\/p>\n\t\t\t\t\n\t\t<\/div><!-- .post-content -->\n\t\t\t\t\n\t\t\t\t\t\n\t\t\t<a href=\"https:\/\/www.descobreixmenorca.com\/es\/que-ver-en-menorca-en-7-dias\/\" class=\"read-more-link read-more-btn\">\n\t\t\t\tSeguir llegint\t\t\t<\/a>\n\n\t\t\n\t\t\n\t<\/div>\n\t\t\n<\/article>\n\t\t\t\t\t<\/div>\n\t\t\t\t\t\n\t\t\t\t\t\t\t\t\t\n\t\t\t\t\t\t\n\t\t\t\t\t\n\t\t\t\t\t\t\n\t\t\t\t\t\t\n\t\t\t\t\t\t\t\t\n\t\t\t\t\t<div class=\"column col-6\">\t\n\t\t\t\t\t\t\n<article id=\"post-11639\" class=\"grid-post post-11639 page type-page status-publish category-que-hacer-en-menorca has-excerpt grid-post-c2 grid-post-c grid-post-left\">\n\n\n\t<div class=\"post-thumb\">\n\t\t\n\t\t\n\t\t\n\t\t\n\t\t\t\t\n\t<\/div>\n\t\t\n\t\t<div class=\"content-wrap\">\n\t\t\t<div class=\"meta-title\">\n\t\t\n\t\t\t<div class=\"post-meta post-meta-a post-meta-left\"><h2 class=\"is-title post-title-alt\"><a href=\"https:\/\/www.descobreixmenorca.com\/es\/museos-de-menorca\/\">Museos y galer\u00edas de arte de Menorca<\/a><\/h2><\/div>\t\t\n\t\t<\/div>\n\n\t\t\t\t<div class=\"post-content post-excerpt cf\">\n\t\t\t<p>Ac\u00e9rcate a la historia y el arte de la isla visitando los museos de Menorca. Direcci\u00f3n, tel\u00e9fono, horarios y precios de los museos de Menorca (islas Baleares).<\/p>\n\t\t\t\t\n\t\t<\/div><!-- .post-content -->\n\t\t\t\t\n\t\t\t\t\t\n\t\t\t<a href=\"https:\/\/www.descobreixmenorca.com\/es\/museos-de-menorca\/\" class=\"read-more-link read-more-btn\">\n\t\t\t\tSeguir llegint\t\t\t<\/a>\n\n\t\t\n\t\t\n\t<\/div>\n\t\t\n<\/article>\n\t\t\t\t\t<\/div>\n\t\t\t\t\t\n\t\t\t\t\t\t\t\t\t\n\t\t\t\t\t\t\n\t\t\t\t\t\n\t\t\t\t\t\t\n\t\t\t\t\t\t\n\t\t\t\t\t\t\t\t\n\t\t\t\t\t<div class=\"column col-6\">\t\n\t\t\t\t\t\t\n<article id=\"post-29135\" class=\"grid-post post-29135 page type-page status-publish has-post-thumbnail category-que-hacer-en-menorca tag-mao tag-monumentos has-excerpt grid-post-c2 grid-post-c grid-post-left\">\n\n\n\t<div class=\"post-thumb\">\n\t\t\n\t\t<a href=\"https:\/\/www.descobreixmenorca.com\/es\/teatro-principal-mao\/\" class=\"image-link media-ratio bg-ratio\"style=\"--a-ratio: 1.6786570743405\"><span data-bgsrc=\"https:\/\/www.descobreixmenorca.com\/wp-content\/uploads\/2015\/08\/menorca_teatre_mao_biel_calafat.jpg\" class=\"img bg-cover wp-post-image attachment-large size-large\" role=\"img\" data-bgset=\"https:\/\/www.descobreixmenorca.com\/wp-content\/uploads\/2015\/08\/menorca_teatre_mao_biel_calafat.jpg 700w, https:\/\/www.descobreixmenorca.com\/wp-content\/uploads\/2015\/08\/menorca_teatre_mao_biel_calafat-300x179.jpg 300w\" data-sizes=\"(max-width: 585px) 100vw, 585px\" aria-label=\"Interior del Teatre principal de Ma\u00f3. Menorca\" data-ratio=\"1.6786570743405\"><\/span><\/a>\n\t\t\n\t\t\n\t\t\t\t\n\t<\/div>\n\t\t\n\t\t<div class=\"content-wrap\">\n\t\t\t<div class=\"meta-title\">\n\t\t\n\t\t\t<div class=\"post-meta post-meta-a post-meta-left\"><h2 class=\"is-title post-title-alt\"><a href=\"https:\/\/www.descobreixmenorca.com\/es\/teatro-principal-mao\/\">Teatro principal de Mah\u00f3n<\/a><\/h2><\/div>\t\t\n\t\t<\/div>\n\n\t\t\t\t<div class=\"post-content post-excerpt cf\">\n\t\t\t<p>No hay nada como disfrutar de un espect\u00e1culo desde el patio de butacas del Teatro Principal de Mah\u00f3n, el teatro de \u00f3pera m\u00e1s antiguo de Espa\u00f1a, con m\u00e1s de 180 a\u00f1os de hist\u00f3ria a sus espaldas.<\/p>\n\t\t\t\t\n\t\t<\/div><!-- .post-content -->\n\t\t\t\t\n\t\t\t\t\t\n\t\t\t<a href=\"https:\/\/www.descobreixmenorca.com\/es\/teatro-principal-mao\/\" class=\"read-more-link read-more-btn\">\n\t\t\t\tSeguir llegint\t\t\t<\/a>\n\n\t\t\n\t\t\n\t<\/div>\n\t\t\n<\/article>\n\t\t\t\t\t<\/div>\n\t\t\t\t\t\n\t\t\t\t\t\t\t\t\t\n\t\t\t\t\t\t\n\t\t\t\t\t\n\t\t\t\t\t\t\n\t\t\t\t\t\t\n\t\t\t\t\t\t\t\t\n\t\t\t\t\t<div class=\"column col-6\">\t\n\t\t\t\t\t\t\n<article id=\"post-14341\" class=\"grid-post post-14341 page type-page status-publish has-post-thumbnail category-que-hacer-en-menorca category-snorkeling-es has-excerpt grid-post-c2 grid-post-c grid-post-left\">\n\n\n\t<div class=\"post-thumb\">\n\t\t\n\t\t<a href=\"https:\/\/www.descobreixmenorca.com\/es\/snorkeling-en-menorca\/mejores-lugares-para-hacer-snorkel-en-menorca\/\" class=\"image-link media-ratio bg-ratio\"style=\"--a-ratio: 1.4395393474088\"><span data-bgsrc=\"https:\/\/www.descobreixmenorca.com\/wp-content\/uploads\/2016\/04\/menorca_snorkeling_toni_llobet.jpg\" class=\"img bg-cover wp-post-image attachment-large size-large\" role=\"img\" data-bgset=\"https:\/\/www.descobreixmenorca.com\/wp-content\/uploads\/2016\/04\/menorca_snorkeling_toni_llobet.jpg 750w, https:\/\/www.descobreixmenorca.com\/wp-content\/uploads\/2016\/04\/menorca_snorkeling_toni_llobet-300x208.jpg 300w\" data-sizes=\"(max-width: 585px) 100vw, 585px\" aria-label=\"Ni\u00f1o practicando snorkel en Menorca \u00a9Toni Llobet\" data-ratio=\"1.4395393474088\"><\/span><\/a>\n\t\t\n\t\t\n\t\t\t\t\n\t<\/div>\n\t\t\n\t\t<div class=\"content-wrap\">\n\t\t\t<div class=\"meta-title\">\n\t\t\n\t\t\t<div class=\"post-meta post-meta-a post-meta-left\"><h2 class=\"is-title post-title-alt\"><a href=\"https:\/\/www.descobreixmenorca.com\/es\/snorkeling-en-menorca\/mejores-lugares-para-hacer-snorkel-en-menorca\/\">Los 10 mejores lugares para hacer snorkel en Menorca<\/a><\/h2><\/div>\t\t\n\t\t<\/div>\n\n\t\t\t\t<div class=\"post-content post-excerpt cf\">\n\t\t\t<p>Con unas gafas y un tubo para bucear es suficiente para disfrutar de los fondos marinos ricos y transparentes de Menorca. Te recomendamos los mejores lugares para hacer snorkel en Menorca.<\/p>\n\t\t\t\t\n\t\t<\/div><!-- .post-content -->\n\t\t\t\t\n\t\t\t\t\t\n\t\t\t<a href=\"https:\/\/www.descobreixmenorca.com\/es\/snorkeling-en-menorca\/mejores-lugares-para-hacer-snorkel-en-menorca\/\" class=\"read-more-link read-more-btn\">\n\t\t\t\tSeguir llegint\t\t\t<\/a>\n\n\t\t\n\t\t\n\t<\/div>\n\t\t\n<\/article>\n\t\t\t\t\t<\/div>\n\t\t\t\t\t\n\t\t\t\t\t\t\t\t\t\n\t\t\t\t\t\t\n\t\t\t\t\n\t\t<\/div>\n\t<\/div>\n\t\n\t\n\t\t\t<\/div>\n\t\n\t<\/section>\n\n[\/vc_column][\/vc_row]<\/p>\n<\/div>","protected":false},"excerpt":{"rendered":"<p>10 monumentos de Menorca iluminados para disfrutar de los mejores atardeceres del verano. Una buena ocasi\u00f3n para disfrutar de las noches de verano en Menorca es acercarnos a uno de sus monumentos iluminados.<\/p>\n","protected":false},"author":1,"featured_media":29248,"parent":0,"menu_order":3,"comment_status":"closed","ping_status":"closed","template":"","meta":{"footnotes":""},"categories":[188],"tags":[108],"class_list":{"0":"post-29278","1":"page","2":"type-page","3":"status-publish","4":"has-post-thumbnail","6":"category-que-hacer-en-menorca","7":"tag-monumentos"},"yoast_head":"<!-- This site is optimized with the Yoast SEO plugin v27.0 - https:\/\/yoast.com\/product\/yoast-seo-wordpress\/ -->\n<title>Monumentos de Menorca iluminados | Descobreix Menorca<\/title>\n<meta name=\"description\" content=\"10 monumentos de Menorca iluminados para disfrutar de los mejores atardeceres del verano. Una buena ocasi\u00f3n para disfrutar de las noches de la isla.\" \/>\n<meta name=\"robots\" content=\"index, follow, max-snippet:-1, max-image-preview:large, max-video-preview:-1\" \/>\n<link rel=\"canonical\" href=\"https:\/\/www.descobreixmenorca.com\/es\/monumentos-de-menorca-iluminados\/\" \/>\n<meta name=\"twitter:label1\" content=\"Tiempo de lectura\" \/>\n\t<meta name=\"twitter:data1\" content=\"9 minutos\" \/>\n<script type=\"application\/ld+json\" class=\"yoast-schema-graph\">{\"@context\":\"https:\/\/schema.org\",\"@graph\":[{\"@type\":\"WebPage\",\"@id\":\"https:\/\/www.descobreixmenorca.com\/es\/monumentos-de-menorca-iluminados\/\",\"url\":\"https:\/\/www.descobreixmenorca.com\/es\/monumentos-de-menorca-iluminados\/\",\"name\":\"Monumentos de Menorca iluminados | Descobreix Menorca\",\"isPartOf\":{\"@id\":\"https:\/\/www.descobreixmenorca.com\/#website\"},\"primaryImageOfPage\":{\"@id\":\"https:\/\/www.descobreixmenorca.com\/es\/monumentos-de-menorca-iluminados\/#primaryimage\"},\"image\":{\"@id\":\"https:\/\/www.descobreixmenorca.com\/es\/monumentos-de-menorca-iluminados\/#primaryimage\"},\"thumbnailUrl\":\"https:\/\/www.descobreixmenorca.com\/wp-content\/uploads\/2015\/08\/menorca_castell_sant_nicolau_fundacio_desti.jpg\",\"datePublished\":\"2015-08-14T19:53:21+00:00\",\"dateModified\":\"2026-01-06T17:19:35+00:00\",\"description\":\"10 monumentos de Menorca iluminados para disfrutar de los mejores atardeceres del verano. Una buena ocasi\u00f3n para disfrutar de las noches de la isla.\",\"inLanguage\":\"es\",\"potentialAction\":[{\"@type\":\"ReadAction\",\"target\":[\"https:\/\/www.descobreixmenorca.com\/es\/monumentos-de-menorca-iluminados\/\"]}]},{\"@type\":\"ImageObject\",\"inLanguage\":\"es\",\"@id\":\"https:\/\/www.descobreixmenorca.com\/es\/monumentos-de-menorca-iluminados\/#primaryimage\",\"url\":\"https:\/\/www.descobreixmenorca.com\/wp-content\/uploads\/2015\/08\/menorca_castell_sant_nicolau_fundacio_desti.jpg\",\"contentUrl\":\"https:\/\/www.descobreixmenorca.com\/wp-content\/uploads\/2015\/08\/menorca_castell_sant_nicolau_fundacio_desti.jpg\",\"width\":700,\"height\":465,\"caption\":\"Posta de Sol al Castell de Sant Nicolau. Menorca\"},{\"@type\":\"WebSite\",\"@id\":\"https:\/\/www.descobreixmenorca.com\/#website\",\"url\":\"https:\/\/www.descobreixmenorca.com\/\",\"name\":\"Descobreix Menorca\",\"description\":\"La guia d&#039;una illa de natura i cultura\",\"potentialAction\":[{\"@type\":\"SearchAction\",\"target\":{\"@type\":\"EntryPoint\",\"urlTemplate\":\"https:\/\/www.descobreixmenorca.com\/?s={search_term_string}\"},\"query-input\":{\"@type\":\"PropertyValueSpecification\",\"valueRequired\":true,\"valueName\":\"search_term_string\"}}],\"inLanguage\":\"es\"}]}<\/script>\n<!-- \/ Yoast SEO plugin. -->","yoast_head_json":{"title":"Monumentos de Menorca iluminados | Descobreix Menorca","description":"10 monumentos de Menorca iluminados para disfrutar de los mejores atardeceres del verano. Una buena ocasi\u00f3n para disfrutar de las noches de la isla.","robots":{"index":"index","follow":"follow","max-snippet":"max-snippet:-1","max-image-preview":"max-image-preview:large","max-video-preview":"max-video-preview:-1"},"canonical":"https:\/\/www.descobreixmenorca.com\/es\/monumentos-de-menorca-iluminados\/","twitter_misc":{"Tiempo de lectura":"9 minutos"},"schema":{"@context":"https:\/\/schema.org","@graph":[{"@type":"WebPage","@id":"https:\/\/www.descobreixmenorca.com\/es\/monumentos-de-menorca-iluminados\/","url":"https:\/\/www.descobreixmenorca.com\/es\/monumentos-de-menorca-iluminados\/","name":"Monumentos de Menorca iluminados | Descobreix Menorca","isPartOf":{"@id":"https:\/\/www.descobreixmenorca.com\/#website"},"primaryImageOfPage":{"@id":"https:\/\/www.descobreixmenorca.com\/es\/monumentos-de-menorca-iluminados\/#primaryimage"},"image":{"@id":"https:\/\/www.descobreixmenorca.com\/es\/monumentos-de-menorca-iluminados\/#primaryimage"},"thumbnailUrl":"https:\/\/www.descobreixmenorca.com\/wp-content\/uploads\/2015\/08\/menorca_castell_sant_nicolau_fundacio_desti.jpg","datePublished":"2015-08-14T19:53:21+00:00","dateModified":"2026-01-06T17:19:35+00:00","description":"10 monumentos de Menorca iluminados para disfrutar de los mejores atardeceres del verano. Una buena ocasi\u00f3n para disfrutar de las noches de la isla.","inLanguage":"es","potentialAction":[{"@type":"ReadAction","target":["https:\/\/www.descobreixmenorca.com\/es\/monumentos-de-menorca-iluminados\/"]}]},{"@type":"ImageObject","inLanguage":"es","@id":"https:\/\/www.descobreixmenorca.com\/es\/monumentos-de-menorca-iluminados\/#primaryimage","url":"https:\/\/www.descobreixmenorca.com\/wp-content\/uploads\/2015\/08\/menorca_castell_sant_nicolau_fundacio_desti.jpg","contentUrl":"https:\/\/www.descobreixmenorca.com\/wp-content\/uploads\/2015\/08\/menorca_castell_sant_nicolau_fundacio_desti.jpg","width":700,"height":465,"caption":"Posta de Sol al Castell de Sant Nicolau. Menorca"},{"@type":"WebSite","@id":"https:\/\/www.descobreixmenorca.com\/#website","url":"https:\/\/www.descobreixmenorca.com\/","name":"Descobreix Menorca","description":"La guia d&#039;una illa de natura i cultura","potentialAction":[{"@type":"SearchAction","target":{"@type":"EntryPoint","urlTemplate":"https:\/\/www.descobreixmenorca.com\/?s={search_term_string}"},"query-input":{"@type":"PropertyValueSpecification","valueRequired":true,"valueName":"search_term_string"}}],"inLanguage":"es"}]}},"_links":{"self":[{"href":"https:\/\/www.descobreixmenorca.com\/es\/wp-json\/wp\/v2\/pages\/29278","targetHints":{"allow":["GET"]}}],"collection":[{"href":"https:\/\/www.descobreixmenorca.com\/es\/wp-json\/wp\/v2\/pages"}],"about":[{"href":"https:\/\/www.descobreixmenorca.com\/es\/wp-json\/wp\/v2\/types\/page"}],"author":[{"embeddable":true,"href":"https:\/\/www.descobreixmenorca.com\/es\/wp-json\/wp\/v2\/users\/1"}],"replies":[{"embeddable":true,"href":"https:\/\/www.descobreixmenorca.com\/es\/wp-json\/wp\/v2\/comments?post=29278"}],"version-history":[{"count":3,"href":"https:\/\/www.descobreixmenorca.com\/es\/wp-json\/wp\/v2\/pages\/29278\/revisions"}],"predecessor-version":[{"id":51991,"href":"https:\/\/www.descobreixmenorca.com\/es\/wp-json\/wp\/v2\/pages\/29278\/revisions\/51991"}],"wp:featuredmedia":[{"embeddable":true,"href":"https:\/\/www.descobreixmenorca.com\/es\/wp-json\/wp\/v2\/media\/29248"}],"wp:attachment":[{"href":"https:\/\/www.descobreixmenorca.com\/es\/wp-json\/wp\/v2\/media?parent=29278"}],"wp:term":[{"taxonomy":"category","embeddable":true,"href":"https:\/\/www.descobreixmenorca.com\/es\/wp-json\/wp\/v2\/categories?post=29278"},{"taxonomy":"post_tag","embeddable":true,"href":"https:\/\/www.descobreixmenorca.com\/es\/wp-json\/wp\/v2\/tags?post=29278"}],"curies":[{"name":"wp","href":"https:\/\/api.w.org\/{rel}","templated":true}]}}